{"id":4934,"date":"2017-01-11T09:07:23","date_gmt":"2017-01-11T12:07:23","guid":{"rendered":"http:\/\/inesmoreno.com.ar\/estudio\/?post_type=dslc_testimonials&amp;p=4934"},"modified":"2017-01-11T09:07:23","modified_gmt":"2017-01-11T12:07:23","slug":"virginia-monasterio-vicedirectora-del-instituto-del-profesorado-de-educacion-fisica-numero-1-romero-brest","status":"publish","type":"testimonio","link":"https:\/\/estudioinesmoreno.com.ar\/estudio\/testimonio\/virginia-monasterio-vicedirectora-del-instituto-del-profesorado-de-educacion-fisica-numero-1-romero-brest\/","title":{"rendered":"VIRGINIA MONASTERIO &#8211; VICEDIRECTORA del INSTITUTO DEL PROFESORADO DE EDUCACI\u00d3N F\u00cdSICA N\u00famero 1 &#8211; ROMERO BREST"},"content":{"rendered":"<p>Hola In\u00e9s,<\/p>\n<p>Quiero agradecerte tu\u00a0participaci\u00f3n en las Jornadas, fue muy valioso para los estudiantes escuchar diferentes voces, generaste un muy buen clima, sent\u00ed que atrapaste\u00a0al auditorio.\u00a0Las repercusiones fueron muy buenas en general, no cabe duda que el \u00e9xito, se debi\u00f3 a la calidad de los conferencistas. Nuevamente In\u00e9s muchas gracias.<\/p>\n<p>Un beso enorme.<\/p>\n<p>Virginia<\/p>\n","protected":false},"excerpt":{"rendered":"<p>Hola In\u00e9s, Quiero agradecerte tu\u00a0participaci\u00f3n en las Jornadas, fue muy valioso para los estudiantes escuchar diferentes voces, generaste un muy buen clima, sent\u00ed que atrapaste\u00a0al auditorio.\u00a0Las repercusiones fueron muy buenas en general, no cabe duda que el \u00e9xito, se debi\u00f3 a la calidad de los conferencistas. Nuevamente In\u00e9s muchas gracias. Un beso enorme. Virginia<\/p>\n","protected":false},"template":"","class_list":["post-4934","testimonio","type-testimonio","status-publish","hentry","description-off"],"_links":{"self":[{"href":"https:\/\/estudioinesmoreno.com.ar\/estudio\/wp-json\/wp\/v2\/testimonio\/4934","targetHints":{"allow":["GET"]}}],"collection":[{"href":"https:\/\/estudioinesmoreno.com.ar\/estudio\/wp-json\/wp\/v2\/testimonio"}],"about":[{"href":"https:\/\/estudioinesmoreno.com.ar\/estudio\/wp-json\/wp\/v2\/types\/testimonio"}],"wp:attachment":[{"href":"https:\/\/estudioinesmoreno.com.ar\/estudio\/wp-json\/wp\/v2\/media?parent=4934"}],"curies":[{"name":"wp","href":"https:\/\/api.w.org\/{rel}","templated":true}]}}