{"id":1187,"date":"2014-06-09T03:32:49","date_gmt":"2014-06-09T03:32:49","guid":{"rendered":"https:\/\/estudioinesmoreno.com.ar\/estudio\/?post_type=testimonials&amp;p=1187"},"modified":"2014-06-09T03:32:49","modified_gmt":"2014-06-09T03:32:49","slug":"desde-abril","status":"publish","type":"testimonio","link":"https:\/\/estudioinesmoreno.com.ar\/estudio\/testimonio\/desde-abril\/","title":{"rendered":"Desde Brasil"},"content":{"rendered":"<p>Hola, amigos e amigas do Est\u00fadio In\u00eas Moreno!! Daqui de Florian\u00f3polis-SC, Brasil, tenho acompanhado seus maravilhosos movimentos l\u00fadicos! H\u00e1 alguns anos atr\u00e1s, participei de um curso com In\u00eas no Congresso Mundial de Lazer, realizado em S\u00e3o Paulo. Foi uma experi\u00eancia INESquec\u00edvel. Fa\u00e7o parte do PROJETO COOPERA\u00c7\u00c3O uma organiza\u00e7\u00e3o criada h\u00e1 17 anos para promover a Coopera\u00e7\u00e3o e a Consci\u00eancia de Comum-Unidade atrav\u00e9s dos Jogos Cooperativos e outras metodologias colaborativas. PARAB\u00c9NS pelo cont\u00ednuo e profundo trabalho que realizam promovendo o JOGO como um campo de despertar e transforma\u00e7\u00e3o humana. At\u00e9 breve! Abrazos Cooperativos F\u00e1bio Otuzi Brotto.<\/p>\n","protected":false},"excerpt":{"rendered":"<p>Hola, amigos e amigas do Est\u00fadio In\u00eas Moreno!! Daqui de Florian\u00f3polis-SC, Brasil, tenho acompanhado seus maravilhosos movimentos l\u00fadicos! H\u00e1 alguns anos atr\u00e1s, participei de um curso com In\u00eas no Congresso Mundial de Lazer, realizado em S\u00e3o Paulo. Foi uma experi\u00eancia INESquec\u00edvel. Fa\u00e7o parte do PROJETO COOPERA\u00c7\u00c3O uma organiza\u00e7\u00e3o criada h\u00e1 17 anos para promover a&hellip;<\/p>\n","protected":false},"template":"","class_list":["post-1187","testimonio","type-testimonio","status-publish","hentry","description-off"],"_links":{"self":[{"href":"https:\/\/estudioinesmoreno.com.ar\/estudio\/wp-json\/wp\/v2\/testimonio\/1187","targetHints":{"allow":["GET"]}}],"collection":[{"href":"https:\/\/estudioinesmoreno.com.ar\/estudio\/wp-json\/wp\/v2\/testimonio"}],"about":[{"href":"https:\/\/estudioinesmoreno.com.ar\/estudio\/wp-json\/wp\/v2\/types\/testimonio"}],"wp:attachment":[{"href":"https:\/\/estudioinesmoreno.com.ar\/estudio\/wp-json\/wp\/v2\/media?parent=1187"}],"curies":[{"name":"wp","href":"https:\/\/api.w.org\/{rel}","templated":true}]}}