{"id":4607,"date":"2016-08-26T11:22:04","date_gmt":"2016-08-26T14:22:04","guid":{"rendered":"http:\/\/inesmoreno.com.ar\/estudio\/?page_id=4607"},"modified":"2023-10-06T11:21:41","modified_gmt":"2023-10-06T14:21:41","slug":"recreacion-proyectos-programas-actividades-tomo-1","status":"publish","type":"page","link":"https:\/\/estudioinesmoreno.com.ar\/estudio\/libros\/recreacion-proyectos-programas-actividades-tomo-1\/","title":{"rendered":"RECREACION: Proyectos \u2013 Programas \u2013 Actividades \u2013 Tomo 1"},"content":{"rendered":"\t\t<div data-elementor-type=\"wp-page\" data-elementor-id=\"4607\" class=\"elementor elementor-4607\" data-elementor-post-type=\"page\">\n\t\t\t\t\t\t<section class=\"elementor-section elementor-top-section elementor-element elementor-element-51ffb026 elementor-section-content-middle elementor-section-stretched elementor-section-boxed elementor-section-height-default elementor-section-height-default\" data-id=\"51ffb026\" data-element_type=\"section\" data-e-type=\"section\" data-settings=\"{&quot;stretch_section&quot;:&quot;section-stretched&quot;}\">\n\t\t\t\t\t\t<div class=\"elementor-container elementor-column-gap-wider\">\n\t\t\t\t\t<div class=\"elementor-column elementor-col-100 elementor-top-column elementor-element elementor-element-37f5d4d\" data-id=\"37f5d4d\" data-element_type=\"column\" data-e-type=\"column\">\n\t\t\t<div class=\"elementor-widget-wrap elementor-element-populated\">\n\t\t\t\t\t\t<div class=\"elementor-element elementor-element-2c1ff391 elementor-widget elementor-widget-text-editor\" data-id=\"2c1ff391\" data-element_type=\"widget\" data-e-type=\"widget\" data-widget_type=\"text-editor.default\">\n\t\t\t\t<div class=\"elementor-widget-container\">\n\t\t\t\t\t\t\t\t\t<h3><img fetchpriority=\"high\" decoding=\"async\" class=\"alignleft wp-image-10450 size-full\" src=\"https:\/\/estudioinesmoreno.com.ar\/estudio\/wp-content\/uploads\/2023\/03\/libro-recreacion-tomo1.jpg\" alt=\"RECREACION: Proyectos \u2013 Programas \u2013 Actividades \u2013 Tomo 1\" width=\"545\" height=\"800\" srcset=\"https:\/\/estudioinesmoreno.com.ar\/estudio\/wp-content\/uploads\/2023\/03\/libro-recreacion-tomo1.jpg 545w, https:\/\/estudioinesmoreno.com.ar\/estudio\/wp-content\/uploads\/2023\/03\/libro-recreacion-tomo1-204x300.jpg 204w\" sizes=\"(max-width: 545px) 100vw, 545px\" \/>RECREACION: Proyectos-Programas-Actividades\u00a0&#8211;\u00a0Tomo 1<\/h3><p>Prof. In\u00e9s Moreno<br \/>Ed. Lumen-Humanitas (2006)<\/p><p>La recreaci\u00f3n constituye un derecho inalienable para las personas. La Declaraci\u00f3n Universal de los Derechos Humanos, en sus art\u00edculos 24 y 27, se\u00f1ala que todas las personas tenemos derecho al descanso y al ocio, a participar libremente de la vida en comunidad, a gozar de las artes y del progreso cient\u00edfico, a vacaciones pagadas tanto como a una duraci\u00f3n razonable del trabajo. A pesar de ello, tenemos grandes dificultades para vivir el tiempo sin trabajo y sin obligaciones. Este libro aborda la recreaci\u00f3n en su doble dimensi\u00f3n: como derecho de las personas y como acci\u00f3n deliberada de quienes organizan actividades para el tiempo no estructurado. Brinda elementos te\u00f3ricos y pr\u00e1cticos para proyectos, programas y actividades que apunten al desarrollo pleno de ni\u00f1os, j\u00f3venes, adultos y adultos mayores.<\/p><p>Constituye un aporte para profesionales y estudiantes del \u00e1rea que buscan, en su pensar, sentir y hacer, \u201cjerarquizar la recreaci\u00f3n.<\/p><p>La autora transmite su elaboraci\u00f3n te\u00f3rica fundamentada a partir de una pr\u00e1ctica reflexiva, durante m\u00e1s de treinta a\u00f1os, con diversas personas, grupos y organizaciones.<\/p><p>Posiciona la recreaci\u00f3n como un medio que puede y debe contemplar el desarrollo de las propias potencialidades y modos de expresi\u00f3n, el encuentro de la persona consigo misma y con los otros, generando modos de interrelaci\u00f3n e integraci\u00f3n social m\u00e1s constructivos y creativos.<\/p><p>Plantea el rol protag\u00f3nico de cada persona en el aprender a aprender el modo en que se \u201cocupa\u201d el tiempo, as\u00ed como el rol de los profesionales de la recreaci\u00f3n que asumen el m\u00e1gico y profundo compromiso de \u201cense\u00f1ar a vivir el tiempo\u201d a cada persona.<\/p>\t\t\t\t\t\t\t\t<\/div>\n\t\t\t\t<\/div>\n\t\t\t\t\t<\/div>\n\t\t<\/div>\n\t\t\t\t\t<\/div>\n\t\t<\/section>\n\t\t\t\t<\/div>\n\t\t","protected":false},"excerpt":{"rendered":"<p>RECREACION: Proyectos-Programas-Actividades\u00a0&#8211;\u00a0Tomo 1 Prof. In\u00e9s MorenoEd. Lumen-Humanitas (2006) La recreaci\u00f3n constituye un derecho inalienable para las personas. La Declaraci\u00f3n Universal de los Derechos Humanos, en sus art\u00edculos 24 y 27, se\u00f1ala que todas las personas tenemos derecho al descanso y al ocio, a participar libremente de la vida en comunidad, a gozar de las artes&hellip;<\/p>\n","protected":false},"author":1,"featured_media":0,"parent":2724,"menu_order":0,"comment_status":"closed","ping_status":"closed","template":"","meta":{"_joinchat":[],"footnotes":""},"class_list":["post-4607","page","type-page","status-publish","hentry"],"_links":{"self":[{"href":"https:\/\/estudioinesmoreno.com.ar\/estudio\/wp-json\/wp\/v2\/pages\/4607","targetHints":{"allow":["GET"]}}],"collection":[{"href":"https:\/\/estudioinesmoreno.com.ar\/estudio\/wp-json\/wp\/v2\/pages"}],"about":[{"href":"https:\/\/estudioinesmoreno.com.ar\/estudio\/wp-json\/wp\/v2\/types\/page"}],"author":[{"embeddable":true,"href":"https:\/\/estudioinesmoreno.com.ar\/estudio\/wp-json\/wp\/v2\/users\/1"}],"replies":[{"embeddable":true,"href":"https:\/\/estudioinesmoreno.com.ar\/estudio\/wp-json\/wp\/v2\/comments?post=4607"}],"version-history":[{"count":6,"href":"https:\/\/estudioinesmoreno.com.ar\/estudio\/wp-json\/wp\/v2\/pages\/4607\/revisions"}],"predecessor-version":[{"id":11629,"href":"https:\/\/estudioinesmoreno.com.ar\/estudio\/wp-json\/wp\/v2\/pages\/4607\/revisions\/11629"}],"up":[{"embeddable":true,"href":"https:\/\/estudioinesmoreno.com.ar\/estudio\/wp-json\/wp\/v2\/pages\/2724"}],"wp:attachment":[{"href":"https:\/\/estudioinesmoreno.com.ar\/estudio\/wp-json\/wp\/v2\/media?parent=4607"}],"curies":[{"name":"wp","href":"https:\/\/api.w.org\/{rel}","templated":true}]}}