{"id":3642,"date":"2016-04-06T10:34:49","date_gmt":"2016-04-06T13:34:49","guid":{"rendered":"http:\/\/www.inesmoreno.com.ar\/estudio\/?page_id=3642"},"modified":"2023-01-04T02:18:04","modified_gmt":"2023-01-04T02:18:04","slug":"testimonios","status":"publish","type":"page","link":"https:\/\/estudioinesmoreno.com.ar\/estudio\/testimonios\/","title":{"rendered":"Testimonios"},"content":{"rendered":"\t\t<div data-elementor-type=\"wp-page\" data-elementor-id=\"3642\" class=\"elementor elementor-3642\" data-elementor-post-type=\"page\">\n\t\t\t\t\t\t<section class=\"elementor-section elementor-top-section elementor-element elementor-element-da5e78e elementor-section-boxed elementor-section-height-default elementor-section-height-default\" data-id=\"da5e78e\" data-element_type=\"section\" data-e-type=\"section\">\n\t\t\t\t\t\t<div class=\"elementor-container elementor-column-gap-default\">\n\t\t\t\t\t<div class=\"elementor-column elementor-col-100 elementor-top-column elementor-element elementor-element-ca30432\" data-id=\"ca30432\" data-element_type=\"column\" data-e-type=\"column\">\n\t\t\t<div class=\"elementor-widget-wrap elementor-element-populated\">\n\t\t\t\t\t\t<div class=\"elementor-element elementor-element-db7a6b5 icon-box-vertical-align-top slide-h-position-left elementor-widget elementor-widget-the7-elements-simple-posts\" data-id=\"db7a6b5\" data-element_type=\"widget\" data-e-type=\"widget\" data-widget_type=\"the7-elements-simple-posts.default\">\n\t\t\t\t<div class=\"elementor-widget-container\">\n\t\t\t\t\t<div class=\"the7-simple-widget-posts the7-elementor-widget the7-elements-simple-posts-db7a6b5 jquery-filter hide-post-image jquery-filter\" data-post-limit=\"10\" data-pagination-mode=\"load-more\" data-scroll-offset=\"\" aria-live=\"assertive\">\t\t\t<div class=\"dt-css-grid custom-pagination-handler\" data-columns=\"{&quot;d&quot;:1,&quot;t&quot;:1,&quot;p&quot;:1,&quot;wd&quot;:&quot;&quot;}\">\n\t\t\t\t\t\t\t\t\t<div class=\"wf-cell visible \">\n\t\t\t\t\t\t<article class=\"post visible wrapper no-img post-6713 testimonio type-testimonio status-publish hentry description-off\">\n\n\t\t\t\t\t\t\t<div class=\"post-content-wrapper\">\n\t\t\t\t\t\t\t\t\t\t\t\t\t\t\t\t<div class=\"post-entry-content\">\n\t\t\t\t\t\t\t\t\t<h5 class=\"heading\"><a href=\"https:\/\/estudioinesmoreno.com.ar\/estudio\/testimonio\/patricia-cura-desde-rosario-de-la-frontera-salta\/\" rel=\"bookmark\" title=\"Patricia Cura desde Rosario de la Frontera &#8211; Salta\" class=\"post-title\">Patricia Cura desde Rosario de la Frontera &#8211; Salta<\/a><\/h5><div class=\"entry-meta\"><\/div><p class=\"short-description\">Carta dirigida a la Prof. In\u00e9s Moreno y Prof. Tamara Moreno desde Salta: Hola Ines! Hola Tamy!Feliz 2017! Qu\u00e9 sea un a\u00f1o lleno de oportunidades para disfrutar de estos 40 a\u00f1os intensos del Estudio que no son m\u00e1s que el reflejo de sus propias vidas y tambi\u00e9n las de nosotros los alumnos!Quer\u00eda contarles que aunque&hellip;<\/p><a href=\"https:\/\/estudioinesmoreno.com.ar\/estudio\/testimonio\/patricia-cura-desde-rosario-de-la-frontera-salta\/\" target=\"\" aria-label=\"Read more about Patricia Cura desde Rosario de la Frontera &#8211; Salta\" class=\"box-button elementor-button elementor-size-xs\">Leer M\u00e1s<i aria-hidden=\"true\" class=\"elementor-button-icon dt-icon-the7-arrow-552\"><\/i><\/a>\t\t\t\t\t\t\t\t<\/div>\n\t\t\t\t\t\t\t<\/div>\n\t\t\t\t\t\t<\/article>\n\t\t\t\t\t<\/div>\t\t\t\t\t\t\t\t\t\t<div class=\"wf-cell visible \">\n\t\t\t\t\t\t<article class=\"post visible wrapper no-img post-4944 testimonio type-testimonio status-publish hentry description-off\">\n\n\t\t\t\t\t\t\t<div class=\"post-content-wrapper\">\n\t\t\t\t\t\t\t\t\t\t\t\t\t\t\t\t<div class=\"post-entry-content\">\n\t\t\t\t\t\t\t\t\t<h5 class=\"heading\"><a href=\"https:\/\/estudioinesmoreno.com.ar\/estudio\/testimonio\/fernando-frias-desde-cordoba\/\" rel=\"bookmark\" title=\"FERNANDO FR\u00cdAS desde C\u00d3RDOBA\" class=\"post-title\">FERNANDO FR\u00cdAS desde C\u00d3RDOBA<\/a><\/h5><div class=\"entry-meta\"><\/div><p class=\"short-description\">Felicitaciones a todo el equipo que te rodea Ines&#8230; he ido exclusivamente desde C\u00f3rdoba a tomar talleres al estudio. Tu hija es una genia como condujo esos d\u00edas!!! Siempre te tengo en cuenta. Uso todo tu material en mis clases de Tiempo Libre y Recreaci\u00f3n que doy en una tecnicatura de sociopedagog\u00eda. Nada m\u00e1s tengo&hellip;<\/p><a href=\"https:\/\/estudioinesmoreno.com.ar\/estudio\/testimonio\/fernando-frias-desde-cordoba\/\" target=\"\" aria-label=\"Read more about FERNANDO FR\u00cdAS desde C\u00d3RDOBA\" class=\"box-button elementor-button elementor-size-xs\">Leer M\u00e1s<i aria-hidden=\"true\" class=\"elementor-button-icon dt-icon-the7-arrow-552\"><\/i><\/a>\t\t\t\t\t\t\t\t<\/div>\n\t\t\t\t\t\t\t<\/div>\n\t\t\t\t\t\t<\/article>\n\t\t\t\t\t<\/div>\t\t\t\t\t\t\t\t\t\t<div class=\"wf-cell visible \">\n\t\t\t\t\t\t<article class=\"post visible wrapper no-img post-4941 testimonio type-testimonio status-publish hentry description-off\">\n\n\t\t\t\t\t\t\t<div class=\"post-content-wrapper\">\n\t\t\t\t\t\t\t\t\t\t\t\t\t\t\t\t<div class=\"post-entry-content\">\n\t\t\t\t\t\t\t\t\t<h5 class=\"heading\"><a href=\"https:\/\/estudioinesmoreno.com.ar\/estudio\/testimonio\/patricia-malik-de-tchara-directora-de-coloaventureros\/\" rel=\"bookmark\" title=\"PATRICIA MALIK de TCHARA DIRECTORA de COLOAVENTUREROS\" class=\"post-title\">PATRICIA MALIK de TCHARA DIRECTORA de COLOAVENTUREROS<\/a><\/h5><div class=\"entry-meta\"><\/div><p class=\"short-description\">La vida no cuenta los pasos que has dado sino las huellas que has dejado!!! \u00a0<\/p><a href=\"https:\/\/estudioinesmoreno.com.ar\/estudio\/testimonio\/patricia-malik-de-tchara-directora-de-coloaventureros\/\" target=\"\" aria-label=\"Read more about PATRICIA MALIK de TCHARA DIRECTORA de COLOAVENTUREROS\" class=\"box-button elementor-button elementor-size-xs\">Leer M\u00e1s<i aria-hidden=\"true\" class=\"elementor-button-icon dt-icon-the7-arrow-552\"><\/i><\/a>\t\t\t\t\t\t\t\t<\/div>\n\t\t\t\t\t\t\t<\/div>\n\t\t\t\t\t\t<\/article>\n\t\t\t\t\t<\/div>\t\t\t\t\t\t\t\t\t\t<div class=\"wf-cell visible \">\n\t\t\t\t\t\t<article class=\"post visible wrapper no-img post-4940 testimonio type-testimonio status-publish hentry description-off\">\n\n\t\t\t\t\t\t\t<div class=\"post-content-wrapper\">\n\t\t\t\t\t\t\t\t\t\t\t\t\t\t\t\t<div class=\"post-entry-content\">\n\t\t\t\t\t\t\t\t\t<h5 class=\"heading\"><a href=\"https:\/\/estudioinesmoreno.com.ar\/estudio\/testimonio\/andrea-pioli-vicedirectora-lomas-high-school-colegio-superior-de-lomas\/\" rel=\"bookmark\" title=\"ANDREA PIOLI &#8211; Vicedirectora Lomas High School &#8211; Colegio Superior de Lomas\" class=\"post-title\">ANDREA PIOLI &#8211; Vicedirectora Lomas High School &#8211; Colegio Superior de Lomas<\/a><\/h5><div class=\"entry-meta\"><\/div><p class=\"short-description\">Felices 40 a\u00f1os, Ines!!!! Cari\u00f1os, Andrea Pioli<\/p><a href=\"https:\/\/estudioinesmoreno.com.ar\/estudio\/testimonio\/andrea-pioli-vicedirectora-lomas-high-school-colegio-superior-de-lomas\/\" target=\"\" aria-label=\"Read more about ANDREA PIOLI &#8211; Vicedirectora Lomas High School &#8211; Colegio Superior de Lomas\" class=\"box-button elementor-button elementor-size-xs\">Leer M\u00e1s<i aria-hidden=\"true\" class=\"elementor-button-icon dt-icon-the7-arrow-552\"><\/i><\/a>\t\t\t\t\t\t\t\t<\/div>\n\t\t\t\t\t\t\t<\/div>\n\t\t\t\t\t\t<\/article>\n\t\t\t\t\t<\/div>\t\t\t\t\t\t\t\t\t\t<div class=\"wf-cell visible \">\n\t\t\t\t\t\t<article class=\"post visible wrapper no-img post-4939 testimonio type-testimonio status-publish hentry description-off\">\n\n\t\t\t\t\t\t\t<div class=\"post-content-wrapper\">\n\t\t\t\t\t\t\t\t\t\t\t\t\t\t\t\t<div class=\"post-entry-content\">\n\t\t\t\t\t\t\t\t\t<h5 class=\"heading\"><a href=\"https:\/\/estudioinesmoreno.com.ar\/estudio\/testimonio\/lia-caro-directora-de-una-buena-estrella-institucion-especializada-en-personas-con-capacidades-diferentes\/\" rel=\"bookmark\" title=\"L\u00cdA CARO &#8211; DIRECTORA de UNA BUENA ESTRELLA instituci\u00f3n especializada en personas con capacidades diferentes\" class=\"post-title\">L\u00cdA CARO &#8211; DIRECTORA de UNA BUENA ESTRELLA instituci\u00f3n especializada en personas con capacidades diferentes<\/a><\/h5><div class=\"entry-meta\"><\/div><p class=\"short-description\">En el estudio aprend\u00ed a \u00abDarme Cuenta\u00bb de mis conductas&#8230; primero como persona y luego como profesional ! Jugando, riendo, leyendo, sintiendo y PENSANDO! Lia caro<\/p><a href=\"https:\/\/estudioinesmoreno.com.ar\/estudio\/testimonio\/lia-caro-directora-de-una-buena-estrella-institucion-especializada-en-personas-con-capacidades-diferentes\/\" target=\"\" aria-label=\"Read more about L\u00cdA CARO &#8211; DIRECTORA de UNA BUENA ESTRELLA instituci\u00f3n especializada en personas con capacidades diferentes\" class=\"box-button elementor-button elementor-size-xs\">Leer M\u00e1s<i aria-hidden=\"true\" class=\"elementor-button-icon dt-icon-the7-arrow-552\"><\/i><\/a>\t\t\t\t\t\t\t\t<\/div>\n\t\t\t\t\t\t\t<\/div>\n\t\t\t\t\t\t<\/article>\n\t\t\t\t\t<\/div>\t\t\t\t\t\t\t\t\t\t<div class=\"wf-cell visible \">\n\t\t\t\t\t\t<article class=\"post visible wrapper no-img post-4938 testimonio type-testimonio status-publish hentry description-off\">\n\n\t\t\t\t\t\t\t<div class=\"post-content-wrapper\">\n\t\t\t\t\t\t\t\t\t\t\t\t\t\t\t\t<div class=\"post-entry-content\">\n\t\t\t\t\t\t\t\t\t<h5 class=\"heading\"><a href=\"https:\/\/estudioinesmoreno.com.ar\/estudio\/testimonio\/oscar\/\" rel=\"bookmark\" title=\"OSCAR\" class=\"post-title\">OSCAR<\/a><\/h5><div class=\"entry-meta\"><\/div><p class=\"short-description\">Hola, In\u00e9s, Muchas Gracias por el curso Juegos Tranquilos. Me dio una perspectiva de lo que quiero hacer el a\u00f1o entrante. Besos Enormes y Exitos!<\/p><a href=\"https:\/\/estudioinesmoreno.com.ar\/estudio\/testimonio\/oscar\/\" target=\"\" aria-label=\"Read more about OSCAR\" class=\"box-button elementor-button elementor-size-xs\">Leer M\u00e1s<i aria-hidden=\"true\" class=\"elementor-button-icon dt-icon-the7-arrow-552\"><\/i><\/a>\t\t\t\t\t\t\t\t<\/div>\n\t\t\t\t\t\t\t<\/div>\n\t\t\t\t\t\t<\/article>\n\t\t\t\t\t<\/div>\t\t\t\t\t\t\t\t\t\t<div class=\"wf-cell visible \">\n\t\t\t\t\t\t<article class=\"post visible wrapper no-img post-4937 testimonio type-testimonio status-publish hentry description-off\">\n\n\t\t\t\t\t\t\t<div class=\"post-content-wrapper\">\n\t\t\t\t\t\t\t\t\t\t\t\t\t\t\t\t<div class=\"post-entry-content\">\n\t\t\t\t\t\t\t\t\t<h5 class=\"heading\"><a href=\"https:\/\/estudioinesmoreno.com.ar\/estudio\/testimonio\/maria-ines-alegnani\/\" rel=\"bookmark\" title=\"MAR\u00cdA IN\u00c9S ALEGNANI\" class=\"post-title\">MAR\u00cdA IN\u00c9S ALEGNANI<\/a><\/h5><div class=\"entry-meta\"><\/div><p class=\"short-description\">Hola In\u00e9s: Emociona \u00a0tu escrito , pleno de humildad y humanidad &#8230;. como digo siempre \u00a0\u00bb \u00a0QUE NADA , NI NADIE TE CAMBIE \u00bb &#8230;.. porque \u00a0tu HACER gu\u00eda, ilumina, acompa\u00f1a el SER de todos\/as los\/as que llegamos al Estudio In\u00e9s Moreno&#8230;..Siempre agradecida : MIA (Mar\u00eda In\u00e9s Alegnani) &#8211; 2016<\/p><a href=\"https:\/\/estudioinesmoreno.com.ar\/estudio\/testimonio\/maria-ines-alegnani\/\" target=\"\" aria-label=\"Read more about MAR\u00cdA IN\u00c9S ALEGNANI\" class=\"box-button elementor-button elementor-size-xs\">Leer M\u00e1s<i aria-hidden=\"true\" class=\"elementor-button-icon dt-icon-the7-arrow-552\"><\/i><\/a>\t\t\t\t\t\t\t\t<\/div>\n\t\t\t\t\t\t\t<\/div>\n\t\t\t\t\t\t<\/article>\n\t\t\t\t\t<\/div>\t\t\t\t\t\t\t\t\t\t<div class=\"wf-cell visible \">\n\t\t\t\t\t\t<article class=\"post visible wrapper no-img post-4936 testimonio type-testimonio status-publish hentry description-off\">\n\n\t\t\t\t\t\t\t<div class=\"post-content-wrapper\">\n\t\t\t\t\t\t\t\t\t\t\t\t\t\t\t\t<div class=\"post-entry-content\">\n\t\t\t\t\t\t\t\t\t<h5 class=\"heading\"><a href=\"https:\/\/estudioinesmoreno.com.ar\/estudio\/testimonio\/agueda-mirta-restaino-marchese-desde-montevideo-uruguay\/\" rel=\"bookmark\" title=\"AGUEDA MIRTA RESTAINO MARCHESE desde MONTEVIDEO, URUGUAY\" class=\"post-title\">AGUEDA MIRTA RESTAINO MARCHESE desde MONTEVIDEO, URUGUAY<\/a><\/h5><div class=\"entry-meta\"><\/div><p class=\"short-description\">Un saludo especial para In\u00e9s y que el a\u00f1o 2017 nos encuentre trabajando juntas en el proyecto de mi libro que aun sigue en pie. Muchas felicidades para ti y para todo el equipo Adelante siempre te tengo presente en todo como ejemplo como trabajo, como ser sensible Hasta pronto. 19-12-2016<\/p><a href=\"https:\/\/estudioinesmoreno.com.ar\/estudio\/testimonio\/agueda-mirta-restaino-marchese-desde-montevideo-uruguay\/\" target=\"\" aria-label=\"Read more about AGUEDA MIRTA RESTAINO MARCHESE desde MONTEVIDEO, URUGUAY\" class=\"box-button elementor-button elementor-size-xs\">Leer M\u00e1s<i aria-hidden=\"true\" class=\"elementor-button-icon dt-icon-the7-arrow-552\"><\/i><\/a>\t\t\t\t\t\t\t\t<\/div>\n\t\t\t\t\t\t\t<\/div>\n\t\t\t\t\t\t<\/article>\n\t\t\t\t\t<\/div>\t\t\t\t\t\t\t\t\t\t<div class=\"wf-cell visible \">\n\t\t\t\t\t\t<article class=\"post visible wrapper no-img post-4935 testimonio type-testimonio status-publish hentry description-off\">\n\n\t\t\t\t\t\t\t<div class=\"post-content-wrapper\">\n\t\t\t\t\t\t\t\t\t\t\t\t\t\t\t\t<div class=\"post-entry-content\">\n\t\t\t\t\t\t\t\t\t<h5 class=\"heading\"><a href=\"https:\/\/estudioinesmoreno.com.ar\/estudio\/testimonio\/mariano-fernandez-coordinador-de-deportes-y-recreacion-moron-provincia-de-buenos-aires\/\" rel=\"bookmark\" title=\"MARIANO FERNANDEZ &#8211; COORDINADOR de DEPORTES y RECREACI\u00d3N &#8211; MOR\u00d3N &#8211; Provincia de Buenos Aires\" class=\"post-title\">MARIANO FERNANDEZ &#8211; COORDINADOR de DEPORTES y RECREACI\u00d3N &#8211; MOR\u00d3N &#8211; Provincia de Buenos Aires<\/a><\/h5><div class=\"entry-meta\"><\/div><p class=\"short-description\">Estimada Ines muchas gracias por tener siempre la deferencia de saludarnos y hacernos conocer de tus proyectos. Desde la Direcci\u00f3n de Deportes de Mor\u00f3n, agradecemos tu consideraci\u00f3n, como as\u00ed tambi\u00e9n tu colaboraci\u00f3n con este proyecto. Te deseamos unas Felices Fiestas en compa\u00f1\u00eda de tus seres queridos. Atentamente. Mariano H. Fern\u00e1ndez Coordinador General Direcci\u00f3n de Deportes&hellip;<\/p><a href=\"https:\/\/estudioinesmoreno.com.ar\/estudio\/testimonio\/mariano-fernandez-coordinador-de-deportes-y-recreacion-moron-provincia-de-buenos-aires\/\" target=\"\" aria-label=\"Read more about MARIANO FERNANDEZ &#8211; COORDINADOR de DEPORTES y RECREACI\u00d3N &#8211; MOR\u00d3N &#8211; Provincia de Buenos Aires\" class=\"box-button elementor-button elementor-size-xs\">Leer M\u00e1s<i aria-hidden=\"true\" class=\"elementor-button-icon dt-icon-the7-arrow-552\"><\/i><\/a>\t\t\t\t\t\t\t\t<\/div>\n\t\t\t\t\t\t\t<\/div>\n\t\t\t\t\t\t<\/article>\n\t\t\t\t\t<\/div>\t\t\t\t\t\t\t\t\t\t<div class=\"wf-cell visible \">\n\t\t\t\t\t\t<article class=\"post visible wrapper no-img post-4934 testimonio type-testimonio status-publish hentry description-off\">\n\n\t\t\t\t\t\t\t<div class=\"post-content-wrapper\">\n\t\t\t\t\t\t\t\t\t\t\t\t\t\t\t\t<div class=\"post-entry-content\">\n\t\t\t\t\t\t\t\t\t<h5 class=\"heading\"><a href=\"https:\/\/estudioinesmoreno.com.ar\/estudio\/testimonio\/virginia-monasterio-vicedirectora-del-instituto-del-profesorado-de-educacion-fisica-numero-1-romero-brest\/\" rel=\"bookmark\" title=\"VIRGINIA MONASTERIO &#8211; VICEDIRECTORA del INSTITUTO DEL PROFESORADO DE EDUCACI\u00d3N F\u00cdSICA N\u00famero 1 &#8211; ROMERO BREST\" class=\"post-title\">VIRGINIA MONASTERIO &#8211; VICEDIRECTORA del INSTITUTO DEL PROFESORADO DE EDUCACI\u00d3N F\u00cdSICA N\u00famero 1 &#8211; ROMERO BREST<\/a><\/h5><div class=\"entry-meta\"><\/div><p class=\"short-description\">Hola In\u00e9s, Quiero agradecerte tu\u00a0participaci\u00f3n en las Jornadas, fue muy valioso para los estudiantes escuchar diferentes voces, generaste un muy buen clima, sent\u00ed que atrapaste\u00a0al auditorio.\u00a0Las repercusiones fueron muy buenas en general, no cabe duda que el \u00e9xito, se debi\u00f3 a la calidad de los conferencistas. Nuevamente In\u00e9s muchas gracias. Un beso enorme. Virginia<\/p><a href=\"https:\/\/estudioinesmoreno.com.ar\/estudio\/testimonio\/virginia-monasterio-vicedirectora-del-instituto-del-profesorado-de-educacion-fisica-numero-1-romero-brest\/\" target=\"\" aria-label=\"Read more about VIRGINIA MONASTERIO &#8211; VICEDIRECTORA del INSTITUTO DEL PROFESORADO DE EDUCACI\u00d3N F\u00cdSICA N\u00famero 1 &#8211; ROMERO BREST\" class=\"box-button elementor-button elementor-size-xs\">Leer M\u00e1s<i aria-hidden=\"true\" class=\"elementor-button-icon dt-icon-the7-arrow-552\"><\/i><\/a>\t\t\t\t\t\t\t\t<\/div>\n\t\t\t\t\t\t\t<\/div>\n\t\t\t\t\t\t<\/article>\n\t\t\t\t\t<\/div>\t\t\t\t\t\t\t\t\t\t<div class=\"wf-cell hidden \">\n\t\t\t\t\t\t<article class=\"post visible wrapper no-img post-4933 testimonio type-testimonio status-publish hentry description-off\">\n\n\t\t\t\t\t\t\t<div class=\"post-content-wrapper\">\n\t\t\t\t\t\t\t\t\t\t\t\t\t\t\t\t<div class=\"post-entry-content\">\n\t\t\t\t\t\t\t\t\t<h5 class=\"heading\"><a href=\"https:\/\/estudioinesmoreno.com.ar\/estudio\/testimonio\/patricia-ortega-desde-guayaquil-ecuador-2\/\" rel=\"bookmark\" title=\"PATRICIA ORTEGA desde Guayaquil &#8211; Ecuador\" class=\"post-title\">PATRICIA ORTEGA desde Guayaquil &#8211; Ecuador<\/a><\/h5><div class=\"entry-meta\"><\/div><p class=\"short-description\">Gracias In\u00e9s: T\u00fa mensaje es hermoso, gracias por compartir todos tus cursos, por ser tan motivadora y por amar tanto a los ni\u00f1os y a la educaci\u00f3n. Gracias por ese brindis. Mis deseos sinceros a\u00fan sin conocerte personalmente , que esta Navidad est\u00e9 llena de bendiciones y de esperanza y que el 2010 sea lleno&hellip;<\/p><a href=\"https:\/\/estudioinesmoreno.com.ar\/estudio\/testimonio\/patricia-ortega-desde-guayaquil-ecuador-2\/\" target=\"\" aria-label=\"Read more about PATRICIA ORTEGA desde Guayaquil &#8211; Ecuador\" class=\"box-button elementor-button elementor-size-xs\">Leer M\u00e1s<i aria-hidden=\"true\" class=\"elementor-button-icon dt-icon-the7-arrow-552\"><\/i><\/a>\t\t\t\t\t\t\t\t<\/div>\n\t\t\t\t\t\t\t<\/div>\n\t\t\t\t\t\t<\/article>\n\t\t\t\t\t<\/div>\t\t\t\t\t\t\t\t\t\t<div class=\"wf-cell hidden \">\n\t\t\t\t\t\t<article class=\"post visible wrapper no-img post-4932 testimonio type-testimonio status-publish hentry description-off\">\n\n\t\t\t\t\t\t\t<div class=\"post-content-wrapper\">\n\t\t\t\t\t\t\t\t\t\t\t\t\t\t\t\t<div class=\"post-entry-content\">\n\t\t\t\t\t\t\t\t\t<h5 class=\"heading\"><a href=\"https:\/\/estudioinesmoreno.com.ar\/estudio\/testimonio\/modesto-armendoy-desde-vitoria-capital-del-pais-vasco-espana\/\" rel=\"bookmark\" title=\"MODESTO ARMENDOY desde VITORIA &#8211; CAPITAL DEL PAIS VASCO &#8211; ESPA\u00d1A\" class=\"post-title\">MODESTO ARMENDOY desde VITORIA &#8211; CAPITAL DEL PAIS VASCO &#8211; ESPA\u00d1A<\/a><\/h5><div class=\"entry-meta\"><\/div><p class=\"short-description\">Hola In\u00e9s, seguimos acord\u00e1ndonos de lo aprendido junto a ti y seguimos recordando lo disfrutado a tu lado. Te deseo lo mejor para el a\u00f1o que viene y te adjunto el texto que he preparado para desear un a\u00f1o nuevo, aunque a\u00fan no he preparado el crisma. Un abrazo enorme desde Vitoria. \u00bfQu\u00e9 le pedimos&hellip;<\/p><a href=\"https:\/\/estudioinesmoreno.com.ar\/estudio\/testimonio\/modesto-armendoy-desde-vitoria-capital-del-pais-vasco-espana\/\" target=\"\" aria-label=\"Read more about MODESTO ARMENDOY desde VITORIA &#8211; CAPITAL DEL PAIS VASCO &#8211; ESPA\u00d1A\" class=\"box-button elementor-button elementor-size-xs\">Leer M\u00e1s<i aria-hidden=\"true\" class=\"elementor-button-icon dt-icon-the7-arrow-552\"><\/i><\/a>\t\t\t\t\t\t\t\t<\/div>\n\t\t\t\t\t\t\t<\/div>\n\t\t\t\t\t\t<\/article>\n\t\t\t\t\t<\/div>\t\t\t\t\t\t\t\t\t\t<div class=\"wf-cell hidden \">\n\t\t\t\t\t\t<article class=\"post visible wrapper no-img post-4931 testimonio type-testimonio status-publish hentry description-off\">\n\n\t\t\t\t\t\t\t<div class=\"post-content-wrapper\">\n\t\t\t\t\t\t\t\t\t\t\t\t\t\t\t\t<div class=\"post-entry-content\">\n\t\t\t\t\t\t\t\t\t<h5 class=\"heading\"><a href=\"https:\/\/estudioinesmoreno.com.ar\/estudio\/testimonio\/petty-desde-bell-ville-prov-de-cordoba\/\" rel=\"bookmark\" title=\"PETTY desde BELL VILLE &#8211; PROV. De C\u00d3RDOBA\" class=\"post-title\">PETTY desde BELL VILLE &#8211; PROV. De C\u00d3RDOBA<\/a><\/h5><div class=\"entry-meta\"><\/div><p class=\"short-description\">QUERIDA INES, GRAN AMIGA, MARCADORA DE CAMINOS ESPERO QUE EL 2010 TE AGARRE CON UNA BUENA COPA DE CHAMPAGNE EN LA MANO Y UNTORRENTE DE AMOR EN EL ALMA. SIEMPRE ESTAS PRESENTE EN MI CORAZON. PETTY DESDE BELL VILLE<\/p><a href=\"https:\/\/estudioinesmoreno.com.ar\/estudio\/testimonio\/petty-desde-bell-ville-prov-de-cordoba\/\" target=\"\" aria-label=\"Read more about PETTY desde BELL VILLE &#8211; PROV. De C\u00d3RDOBA\" class=\"box-button elementor-button elementor-size-xs\">Leer M\u00e1s<i aria-hidden=\"true\" class=\"elementor-button-icon dt-icon-the7-arrow-552\"><\/i><\/a>\t\t\t\t\t\t\t\t<\/div>\n\t\t\t\t\t\t\t<\/div>\n\t\t\t\t\t\t<\/article>\n\t\t\t\t\t<\/div>\t\t\t\t\t\t\t\t\t\t<div class=\"wf-cell hidden \">\n\t\t\t\t\t\t<article class=\"post visible wrapper no-img post-4930 testimonio type-testimonio status-publish hentry description-off\">\n\n\t\t\t\t\t\t\t<div class=\"post-content-wrapper\">\n\t\t\t\t\t\t\t\t\t\t\t\t\t\t\t\t<div class=\"post-entry-content\">\n\t\t\t\t\t\t\t\t\t<h5 class=\"heading\"><a href=\"https:\/\/estudioinesmoreno.com.ar\/estudio\/testimonio\/rafael-pinto-desde-mexico\/\" rel=\"bookmark\" title=\"RAFAEL PINTO desde M\u00c9XICO\" class=\"post-title\">RAFAEL PINTO desde M\u00c9XICO<\/a><\/h5><div class=\"entry-meta\"><\/div><p class=\"short-description\">Me ha encantado esto. \u00a1Qu\u00e9 beso tan grande te mando!!!!! Feliz a\u00f1o. Rafael y familia.<\/p><a href=\"https:\/\/estudioinesmoreno.com.ar\/estudio\/testimonio\/rafael-pinto-desde-mexico\/\" target=\"\" aria-label=\"Read more about RAFAEL PINTO desde M\u00c9XICO\" class=\"box-button elementor-button elementor-size-xs\">Leer M\u00e1s<i aria-hidden=\"true\" class=\"elementor-button-icon dt-icon-the7-arrow-552\"><\/i><\/a>\t\t\t\t\t\t\t\t<\/div>\n\t\t\t\t\t\t\t<\/div>\n\t\t\t\t\t\t<\/article>\n\t\t\t\t\t<\/div>\t\t\t\t\t\t\t\t\t\t<div class=\"wf-cell hidden \">\n\t\t\t\t\t\t<article class=\"post visible wrapper no-img post-4929 testimonio type-testimonio status-publish hentry description-off\">\n\n\t\t\t\t\t\t\t<div class=\"post-content-wrapper\">\n\t\t\t\t\t\t\t\t\t\t\t\t\t\t\t\t<div class=\"post-entry-content\">\n\t\t\t\t\t\t\t\t\t<h5 class=\"heading\"><a href=\"https:\/\/estudioinesmoreno.com.ar\/estudio\/testimonio\/vanessa-zamora-tenerife-espana\/\" rel=\"bookmark\" title=\"VANESSA ZAMORA TENERIFE &#8211; ESPA\u00d1A\" class=\"post-title\">VANESSA ZAMORA TENERIFE &#8211; ESPA\u00d1A<\/a><\/h5><div class=\"entry-meta\"><\/div><p class=\"short-description\">Es imposible que este a\u00f1o, a\u00fan con todo lo dif\u00edcil que ha sido en muchos aspectos, no\u00a0lo considere\u00a0muy especial para m\u00ed, y determinante en mi vida presente y futura&#8230; y es as\u00ed fundamentalmente por mi viaje y estancia en Argentina, en tu Estudio In\u00e9s. En mi balance de 2009, est\u00e1s t\u00fa por todos los lados,&hellip;<\/p><a href=\"https:\/\/estudioinesmoreno.com.ar\/estudio\/testimonio\/vanessa-zamora-tenerife-espana\/\" target=\"\" aria-label=\"Read more about VANESSA ZAMORA TENERIFE &#8211; ESPA\u00d1A\" class=\"box-button elementor-button elementor-size-xs\">Leer M\u00e1s<i aria-hidden=\"true\" class=\"elementor-button-icon dt-icon-the7-arrow-552\"><\/i><\/a>\t\t\t\t\t\t\t\t<\/div>\n\t\t\t\t\t\t\t<\/div>\n\t\t\t\t\t\t<\/article>\n\t\t\t\t\t<\/div>\t\t\t\t\t\t\t\t\t\t<div class=\"wf-cell hidden \">\n\t\t\t\t\t\t<article class=\"post visible wrapper no-img post-4927 testimonio type-testimonio status-publish hentry description-off\">\n\n\t\t\t\t\t\t\t<div class=\"post-content-wrapper\">\n\t\t\t\t\t\t\t\t\t\t\t\t\t\t\t\t<div class=\"post-entry-content\">\n\t\t\t\t\t\t\t\t\t<h5 class=\"heading\"><a href=\"https:\/\/estudioinesmoreno.com.ar\/estudio\/testimonio\/ana-ines-moyano\/\" rel=\"bookmark\" title=\"ANA IN\u00c9S MOYANO\" class=\"post-title\">ANA IN\u00c9S MOYANO<\/a><\/h5><div class=\"entry-meta\"><\/div><p class=\"short-description\">Hola mi nombre es Ana In\u00e9s Moyano; queria comentar que actualmente estoy realizando mi trabajo de tesis final para obtener el titulo de lic en terapia ocupacional. Mi investigaci\u00f3n tiene por nombre \u00abactividades y comportamientos l\u00fadicos en escuelas rurales\u00bb. Le\u00ed dos de sus libros, \u00abEL JUEGO Y LOS JUEGOS\u00bb; \u00abRECREACI\u00d3N\u00bb. Me sirvieron mucho para mi&hellip;<\/p><a href=\"https:\/\/estudioinesmoreno.com.ar\/estudio\/testimonio\/ana-ines-moyano\/\" target=\"\" aria-label=\"Read more about ANA IN\u00c9S MOYANO\" class=\"box-button elementor-button elementor-size-xs\">Leer M\u00e1s<i aria-hidden=\"true\" class=\"elementor-button-icon dt-icon-the7-arrow-552\"><\/i><\/a>\t\t\t\t\t\t\t\t<\/div>\n\t\t\t\t\t\t\t<\/div>\n\t\t\t\t\t\t<\/article>\n\t\t\t\t\t<\/div>\t\t\t\t\t\t\t\t\t\t<div class=\"wf-cell hidden \">\n\t\t\t\t\t\t<article class=\"post visible wrapper no-img post-4926 testimonio type-testimonio status-publish hentry description-off\">\n\n\t\t\t\t\t\t\t<div class=\"post-content-wrapper\">\n\t\t\t\t\t\t\t\t\t\t\t\t\t\t\t\t<div class=\"post-entry-content\">\n\t\t\t\t\t\t\t\t\t<h5 class=\"heading\"><a href=\"https:\/\/estudioinesmoreno.com.ar\/estudio\/testimonio\/ana-eiriz-soy-vicedirectora-del-colegio-guadalupe-de-la-ciudad-de-buenos-aires\/\" rel=\"bookmark\" title=\"ANA EIRIZ soy Vicedirectora del Colegio Guadalupe de la Ciudad de Buenos Aires\" class=\"post-title\">ANA EIRIZ soy Vicedirectora del Colegio Guadalupe de la Ciudad de Buenos Aires<\/a><\/h5><div class=\"entry-meta\"><\/div><p class=\"short-description\">D\u00edas atr\u00e1s me lleg\u00f3 ,a trav\u00e9s de una compa\u00f1era, una cartilla de cursos del Instituto que usted dirige y me impact\u00f3 su nombre ya que en el profesorado tuve una excelente profesora de did\u00e1ctica de las ciencias sociales que se llamaba del mismo modo. Yo estudie\u00b4en el prof. Dr. D\u00e1maso Centeno\u00a0\u00a0all\u00e1 lejos por 1978. Es&hellip;<\/p><a href=\"https:\/\/estudioinesmoreno.com.ar\/estudio\/testimonio\/ana-eiriz-soy-vicedirectora-del-colegio-guadalupe-de-la-ciudad-de-buenos-aires\/\" target=\"\" aria-label=\"Read more about ANA EIRIZ soy Vicedirectora del Colegio Guadalupe de la Ciudad de Buenos Aires\" class=\"box-button elementor-button elementor-size-xs\">Leer M\u00e1s<i aria-hidden=\"true\" class=\"elementor-button-icon dt-icon-the7-arrow-552\"><\/i><\/a>\t\t\t\t\t\t\t\t<\/div>\n\t\t\t\t\t\t\t<\/div>\n\t\t\t\t\t\t<\/article>\n\t\t\t\t\t<\/div>\t\t\t\t\t\t\t\t\t\t<div class=\"wf-cell hidden \">\n\t\t\t\t\t\t<article class=\"post visible wrapper no-img post-4925 testimonio type-testimonio status-publish hentry description-off\">\n\n\t\t\t\t\t\t\t<div class=\"post-content-wrapper\">\n\t\t\t\t\t\t\t\t\t\t\t\t\t\t\t\t<div class=\"post-entry-content\">\n\t\t\t\t\t\t\t\t\t<h5 class=\"heading\"><a href=\"https:\/\/estudioinesmoreno.com.ar\/estudio\/testimonio\/silvia-bisognin-desde-buenos-aires\/\" rel=\"bookmark\" title=\"SILVIA BISOGNIN desde Buenos Aires\" class=\"post-title\">SILVIA BISOGNIN desde Buenos Aires<\/a><\/h5><div class=\"entry-meta\"><\/div><p class=\"short-description\">MUCHOS \u00c9XITOS EN LA PRESENTACI\u00d3N DEL NUEVO LIBRO. LA LICENCIADA SUPO TENER VISI\u00d3N DE FUTURO, ELLA SUPO HABLARNOS DEL VALOR DE LA RECREACI\u00d3N EN LA ESCUELA, HACE UNOS 30 A\u00d1OS, CUANDO FUE MI PROFE EN EL PROFESORADO\u00a0 DEL D\u00c1MASO CON MUCHO AFECTO SILVIA BISOGNIN PROMOCI\u00d3N 80<\/p><a href=\"https:\/\/estudioinesmoreno.com.ar\/estudio\/testimonio\/silvia-bisognin-desde-buenos-aires\/\" target=\"\" aria-label=\"Read more about SILVIA BISOGNIN desde Buenos Aires\" class=\"box-button elementor-button elementor-size-xs\">Leer M\u00e1s<i aria-hidden=\"true\" class=\"elementor-button-icon dt-icon-the7-arrow-552\"><\/i><\/a>\t\t\t\t\t\t\t\t<\/div>\n\t\t\t\t\t\t\t<\/div>\n\t\t\t\t\t\t<\/article>\n\t\t\t\t\t<\/div>\t\t\t\t\t\t\t\t\t\t<div class=\"wf-cell hidden \">\n\t\t\t\t\t\t<article class=\"post visible wrapper no-img post-4924 testimonio type-testimonio status-publish hentry description-off\">\n\n\t\t\t\t\t\t\t<div class=\"post-content-wrapper\">\n\t\t\t\t\t\t\t\t\t\t\t\t\t\t\t\t<div class=\"post-entry-content\">\n\t\t\t\t\t\t\t\t\t<h5 class=\"heading\"><a href=\"https:\/\/estudioinesmoreno.com.ar\/estudio\/testimonio\/maria-judith-desde-asuncion-paraguay\/\" rel=\"bookmark\" title=\"MAR\u00cdA JUDITH desde ASUNCI\u00d3N &#8211; PARAGUAY\" class=\"post-title\">MAR\u00cdA JUDITH desde ASUNCI\u00d3N &#8211; PARAGUAY<\/a><\/h5><div class=\"entry-meta\"><\/div><p class=\"short-description\">Un saludo muy GRANDE Y CARI\u00d1OSO, brindando por tus \u00e9xitos&#8230; y que contin\u00faen.<\/p><a href=\"https:\/\/estudioinesmoreno.com.ar\/estudio\/testimonio\/maria-judith-desde-asuncion-paraguay\/\" target=\"\" aria-label=\"Read more about MAR\u00cdA JUDITH desde ASUNCI\u00d3N &#8211; PARAGUAY\" class=\"box-button elementor-button elementor-size-xs\">Leer M\u00e1s<i aria-hidden=\"true\" class=\"elementor-button-icon dt-icon-the7-arrow-552\"><\/i><\/a>\t\t\t\t\t\t\t\t<\/div>\n\t\t\t\t\t\t\t<\/div>\n\t\t\t\t\t\t<\/article>\n\t\t\t\t\t<\/div>\t\t\t\t\t\t\t\t\t\t<div class=\"wf-cell hidden \">\n\t\t\t\t\t\t<article class=\"post visible wrapper no-img post-4923 testimonio type-testimonio status-publish hentry description-off\">\n\n\t\t\t\t\t\t\t<div class=\"post-content-wrapper\">\n\t\t\t\t\t\t\t\t\t\t\t\t\t\t\t\t<div class=\"post-entry-content\">\n\t\t\t\t\t\t\t\t\t<h5 class=\"heading\"><a href=\"https:\/\/estudioinesmoreno.com.ar\/estudio\/testimonio\/myrna-alfonso-gerente-de-spa-recreacion-del-hotel-llao-llao-bariloche-argentina\/\" rel=\"bookmark\" title=\"MYRNA ALFONSO &#8211; GERENTE de SPA, RECREACI\u00d3N del HOTEL LLAO-LLAO &#8211; Bariloche &#8211; ARGENTINA\" class=\"post-title\">MYRNA ALFONSO &#8211; GERENTE de SPA, RECREACI\u00d3N del HOTEL LLAO-LLAO &#8211; Bariloche &#8211; ARGENTINA<\/a><\/h5><div class=\"entry-meta\"><\/div><p class=\"short-description\">Pasado un tiempo quiero agradecerte de coraz\u00f3n\u00a0 los tiempos compartidos en tu visita tanto en la presentaci\u00f3n del libro como los espacios de encuentro generados. Mil gracias por tu generosidad, calidez , claridad y certeza en todas tus devoluciones..gracias&#8230; Besos!!! Myr<\/p><a href=\"https:\/\/estudioinesmoreno.com.ar\/estudio\/testimonio\/myrna-alfonso-gerente-de-spa-recreacion-del-hotel-llao-llao-bariloche-argentina\/\" target=\"\" aria-label=\"Read more about MYRNA ALFONSO &#8211; GERENTE de SPA, RECREACI\u00d3N del HOTEL LLAO-LLAO &#8211; Bariloche &#8211; ARGENTINA\" class=\"box-button elementor-button elementor-size-xs\">Leer M\u00e1s<i aria-hidden=\"true\" class=\"elementor-button-icon dt-icon-the7-arrow-552\"><\/i><\/a>\t\t\t\t\t\t\t\t<\/div>\n\t\t\t\t\t\t\t<\/div>\n\t\t\t\t\t\t<\/article>\n\t\t\t\t\t<\/div>\t\t\t\t\t\t\t\t\t\t<div class=\"wf-cell hidden \">\n\t\t\t\t\t\t<article class=\"post visible wrapper no-img post-4922 testimonio type-testimonio status-publish hentry description-off\">\n\n\t\t\t\t\t\t\t<div class=\"post-content-wrapper\">\n\t\t\t\t\t\t\t\t\t\t\t\t\t\t\t\t<div class=\"post-entry-content\">\n\t\t\t\t\t\t\t\t\t<h5 class=\"heading\"><a href=\"https:\/\/estudioinesmoreno.com.ar\/estudio\/testimonio\/alberto-punte-director-de-granja-educativa-los-robles\/\" rel=\"bookmark\" title=\"ALBERTO PUNTE Director de GRANJA EDUCATIVA LOS ROBLES\" class=\"post-title\">ALBERTO PUNTE Director de GRANJA EDUCATIVA LOS ROBLES<\/a><\/h5><div class=\"entry-meta\"><\/div><p class=\"short-description\">GRACIAS IN\u00c9S!! QUIERO EXPRESARTE QUE ME QUEDO UNA HERMOSA IMPRONTA DEL EVENTO!! TENES LA LLAMA INTACTA,\u00a0TUS CONCEPTOS SIEMPRE PROFUNDOS Y CLAROS !! TE QUIERO MUCHO, SOS MUY IMPORTANTE PARA NOSOTROS. ALBERTO.<\/p><a href=\"https:\/\/estudioinesmoreno.com.ar\/estudio\/testimonio\/alberto-punte-director-de-granja-educativa-los-robles\/\" target=\"\" aria-label=\"Read more about ALBERTO PUNTE Director de GRANJA EDUCATIVA LOS ROBLES\" class=\"box-button elementor-button elementor-size-xs\">Leer M\u00e1s<i aria-hidden=\"true\" class=\"elementor-button-icon dt-icon-the7-arrow-552\"><\/i><\/a>\t\t\t\t\t\t\t\t<\/div>\n\t\t\t\t\t\t\t<\/div>\n\t\t\t\t\t\t<\/article>\n\t\t\t\t\t<\/div>\t\t\t\t\t\t\t\t\t\t<div class=\"wf-cell hidden \">\n\t\t\t\t\t\t<article class=\"post visible wrapper no-img post-4921 testimonio type-testimonio status-publish hentry description-off\">\n\n\t\t\t\t\t\t\t<div class=\"post-content-wrapper\">\n\t\t\t\t\t\t\t\t\t\t\t\t\t\t\t\t<div class=\"post-entry-content\">\n\t\t\t\t\t\t\t\t\t<h5 class=\"heading\"><a href=\"https:\/\/estudioinesmoreno.com.ar\/estudio\/testimonio\/edith-desde-san-rafael-mendoza\/\" rel=\"bookmark\" title=\"EDITH desde SAN RAFAEL &#8211; MENDOZA\" class=\"post-title\">EDITH desde SAN RAFAEL &#8211; MENDOZA<\/a><\/h5><div class=\"entry-meta\"><\/div><p class=\"short-description\">Gracias In\u00e9s! me encanta lo que haces soy Edith de San Rafael, Mendoza y todav\u00eda no se da la posibilidad que participe de tus actividades, espero hacerlo el a\u00f1o que\u00a0 viene si Dios quiere te admiro.que tengas un a\u00f1o hermoso!con mucha paz interior. Edith.<\/p><a href=\"https:\/\/estudioinesmoreno.com.ar\/estudio\/testimonio\/edith-desde-san-rafael-mendoza\/\" target=\"\" aria-label=\"Read more about EDITH desde SAN RAFAEL &#8211; MENDOZA\" class=\"box-button elementor-button elementor-size-xs\">Leer M\u00e1s<i aria-hidden=\"true\" class=\"elementor-button-icon dt-icon-the7-arrow-552\"><\/i><\/a>\t\t\t\t\t\t\t\t<\/div>\n\t\t\t\t\t\t\t<\/div>\n\t\t\t\t\t\t<\/article>\n\t\t\t\t\t<\/div>\t\t\t\t\t\t\t\t\t\t<div class=\"wf-cell hidden \">\n\t\t\t\t\t\t<article class=\"post visible wrapper no-img post-4920 testimonio type-testimonio status-publish hentry description-off\">\n\n\t\t\t\t\t\t\t<div class=\"post-content-wrapper\">\n\t\t\t\t\t\t\t\t\t\t\t\t\t\t\t\t<div class=\"post-entry-content\">\n\t\t\t\t\t\t\t\t\t<h5 class=\"heading\"><a href=\"https:\/\/estudioinesmoreno.com.ar\/estudio\/testimonio\/lcda-zoila-lincango-desde-quito-ecuador-directora-centro-educativo-bilingue-cristiano-arrayanes\/\" rel=\"bookmark\" title=\"LCDA. ZOILA LINCANGO &#8211; desde QUITO &#8211; ECUADOR DIRECTORA CENTRO EDUCATIVO BILINGUE CRISTIANO ARRAYANES\" class=\"post-title\">LCDA. ZOILA LINCANGO &#8211; desde QUITO &#8211; ECUADOR DIRECTORA CENTRO EDUCATIVO BILINGUE CRISTIANO ARRAYANES<\/a><\/h5><div class=\"entry-meta\"><\/div><p class=\"short-description\">SALUDOS Y GRACIAS A TODOS QUIENES HACEN LA PRESTIGIOSA EMPRESA INES MORENO, DIOS LES BENDIGA.<\/p><a href=\"https:\/\/estudioinesmoreno.com.ar\/estudio\/testimonio\/lcda-zoila-lincango-desde-quito-ecuador-directora-centro-educativo-bilingue-cristiano-arrayanes\/\" target=\"\" aria-label=\"Read more about LCDA. ZOILA LINCANGO &#8211; desde QUITO &#8211; ECUADOR DIRECTORA CENTRO EDUCATIVO BILINGUE CRISTIANO ARRAYANES\" class=\"box-button elementor-button elementor-size-xs\">Leer M\u00e1s<i aria-hidden=\"true\" class=\"elementor-button-icon dt-icon-the7-arrow-552\"><\/i><\/a>\t\t\t\t\t\t\t\t<\/div>\n\t\t\t\t\t\t\t<\/div>\n\t\t\t\t\t\t<\/article>\n\t\t\t\t\t<\/div>\t\t\t\t\t\t\t\t\t\t<div class=\"wf-cell hidden \">\n\t\t\t\t\t\t<article class=\"post visible wrapper no-img post-4919 testimonio type-testimonio status-publish hentry description-off\">\n\n\t\t\t\t\t\t\t<div class=\"post-content-wrapper\">\n\t\t\t\t\t\t\t\t\t\t\t\t\t\t\t\t<div class=\"post-entry-content\">\n\t\t\t\t\t\t\t\t\t<h5 class=\"heading\"><a href=\"https:\/\/estudioinesmoreno.com.ar\/estudio\/testimonio\/mariano-bonello-gerente-general-de-comment\/\" rel=\"bookmark\" title=\"MARIANO BONELLO &#8211; GERENTE GENERAL de COMMENT\" class=\"post-title\">MARIANO BONELLO &#8211; GERENTE GENERAL de COMMENT<\/a><\/h5><div class=\"entry-meta\"><\/div><p class=\"short-description\">Hola In\u00e9s: No imaginas cuanto lamento que los mi\u00e9rcoles tenemos, con M\u00f3nica, unos cursos (por llamarlo de alguna manera) muy especiales, a las 20 Hs. en Callao y C\u00f3rdoba. No hay como llegar a las dos actividades.\u00a0 Es algo de Alquimia tradicional, un poco de Ciencias Sagradas&#8230; Alg\u00fan dia me animar\u00e9 a tratar de trasnmitir&hellip;<\/p><a href=\"https:\/\/estudioinesmoreno.com.ar\/estudio\/testimonio\/mariano-bonello-gerente-general-de-comment\/\" target=\"\" aria-label=\"Read more about MARIANO BONELLO &#8211; GERENTE GENERAL de COMMENT\" class=\"box-button elementor-button elementor-size-xs\">Leer M\u00e1s<i aria-hidden=\"true\" class=\"elementor-button-icon dt-icon-the7-arrow-552\"><\/i><\/a>\t\t\t\t\t\t\t\t<\/div>\n\t\t\t\t\t\t\t<\/div>\n\t\t\t\t\t\t<\/article>\n\t\t\t\t\t<\/div>\t\t\t\t\t\t\t\t\t\t<div class=\"wf-cell hidden \">\n\t\t\t\t\t\t<article class=\"post visible wrapper no-img post-4918 testimonio type-testimonio status-publish hentry description-off\">\n\n\t\t\t\t\t\t\t<div class=\"post-content-wrapper\">\n\t\t\t\t\t\t\t\t\t\t\t\t\t\t\t\t<div class=\"post-entry-content\">\n\t\t\t\t\t\t\t\t\t<h5 class=\"heading\"><a href=\"https:\/\/estudioinesmoreno.com.ar\/estudio\/testimonio\/silvana-ceballos-desde-cordoba-argentina\/\" rel=\"bookmark\" title=\"SILVANA CEBALLOS desde C\u00d3RDOBA &#8211; ARGENTINA\" class=\"post-title\">SILVANA CEBALLOS desde C\u00d3RDOBA &#8211; ARGENTINA<\/a><\/h5><div class=\"entry-meta\"><\/div><p class=\"short-description\">INES !!! SIEMPRE ES UN GUSTO SABER DE VOS, Y SIEMPRE ESTOY PLANEANDO LLEGARME POR EL ESTUDIO, TE QUIERO MUCHO Y SOS MI GRAN MAESTRA, Y NO SABES LO QUE ME GUSTA APRENDER DE VOS TODAS LOS SECRETOS DEL MARAVILLOSO MUNDO DEL JUEGO Y DE LA VIDA !! GRACIAS POR TODO LO QUE NOS DAS&hellip;<\/p><a href=\"https:\/\/estudioinesmoreno.com.ar\/estudio\/testimonio\/silvana-ceballos-desde-cordoba-argentina\/\" target=\"\" aria-label=\"Read more about SILVANA CEBALLOS desde C\u00d3RDOBA &#8211; ARGENTINA\" class=\"box-button elementor-button elementor-size-xs\">Leer M\u00e1s<i aria-hidden=\"true\" class=\"elementor-button-icon dt-icon-the7-arrow-552\"><\/i><\/a>\t\t\t\t\t\t\t\t<\/div>\n\t\t\t\t\t\t\t<\/div>\n\t\t\t\t\t\t<\/article>\n\t\t\t\t\t<\/div>\t\t\t\t\t\t\t\t\t\t<div class=\"wf-cell hidden \">\n\t\t\t\t\t\t<article class=\"post visible wrapper no-img post-4917 testimonio type-testimonio status-publish hentry description-off\">\n\n\t\t\t\t\t\t\t<div class=\"post-content-wrapper\">\n\t\t\t\t\t\t\t\t\t\t\t\t\t\t\t\t<div class=\"post-entry-content\">\n\t\t\t\t\t\t\t\t\t<h5 class=\"heading\"><a href=\"https:\/\/estudioinesmoreno.com.ar\/estudio\/testimonio\/paula-desde-avellaneda-provincia-de-buenos-aires\/\" rel=\"bookmark\" title=\"PAULA desde AVELLANEDA &#8211; Provincia de BUENOS AIRES\" class=\"post-title\">PAULA desde AVELLANEDA &#8211; Provincia de BUENOS AIRES<\/a><\/h5><div class=\"entry-meta\"><\/div><p class=\"short-description\">Hola profesora In\u00e9s, este mail que te escribo es para darte LAS GRACIAS!!!. Nunca le escrib\u00ed a ning\u00fan autor de los que le\u00ed pero en este caso me siento muy identificada con tu forma de ver y hacer Recreaci\u00f3n y eso me decidi\u00f3 a escribirte.Te cuento, \u00a0soy profesora de Ed. F\u00edsica y T\u00e9cnica en Tiempo&hellip;<\/p><a href=\"https:\/\/estudioinesmoreno.com.ar\/estudio\/testimonio\/paula-desde-avellaneda-provincia-de-buenos-aires\/\" target=\"\" aria-label=\"Read more about PAULA desde AVELLANEDA &#8211; Provincia de BUENOS AIRES\" class=\"box-button elementor-button elementor-size-xs\">Leer M\u00e1s<i aria-hidden=\"true\" class=\"elementor-button-icon dt-icon-the7-arrow-552\"><\/i><\/a>\t\t\t\t\t\t\t\t<\/div>\n\t\t\t\t\t\t\t<\/div>\n\t\t\t\t\t\t<\/article>\n\t\t\t\t\t<\/div>\t\t\t\t\t\t\t\t\t\t<div class=\"wf-cell hidden \">\n\t\t\t\t\t\t<article class=\"post visible wrapper no-img post-4916 testimonio type-testimonio status-publish hentry description-off\">\n\n\t\t\t\t\t\t\t<div class=\"post-content-wrapper\">\n\t\t\t\t\t\t\t\t\t\t\t\t\t\t\t\t<div class=\"post-entry-content\">\n\t\t\t\t\t\t\t\t\t<h5 class=\"heading\"><a href=\"https:\/\/estudioinesmoreno.com.ar\/estudio\/testimonio\/lic-ela-maria-auxiliadora-fuentes-desde-venezuela\/\" rel=\"bookmark\" title=\"Lic. ELA Maria Auxiliadora Fuentes DESDE VENEZUELA\" class=\"post-title\">Lic. ELA Maria Auxiliadora Fuentes DESDE VENEZUELA<\/a><\/h5><div class=\"entry-meta\"><\/div><p class=\"short-description\">Hola In\u00e9s&#8230; te felicito por el excelente trabajo que realizas. Estamos en lo mismo!!!&#8230; YO en campamento: en la fascinante tarea de educar al aire libre&#8230; Peeeeeeeeeeeeero estoy en Venezuela!!!. Saludos.<\/p><a href=\"https:\/\/estudioinesmoreno.com.ar\/estudio\/testimonio\/lic-ela-maria-auxiliadora-fuentes-desde-venezuela\/\" target=\"\" aria-label=\"Read more about Lic. ELA Maria Auxiliadora Fuentes DESDE VENEZUELA\" class=\"box-button elementor-button elementor-size-xs\">Leer M\u00e1s<i aria-hidden=\"true\" class=\"elementor-button-icon dt-icon-the7-arrow-552\"><\/i><\/a>\t\t\t\t\t\t\t\t<\/div>\n\t\t\t\t\t\t\t<\/div>\n\t\t\t\t\t\t<\/article>\n\t\t\t\t\t<\/div>\t\t\t\t\t\t\t\t\t\t<div class=\"wf-cell hidden \">\n\t\t\t\t\t\t<article class=\"post visible wrapper no-img post-4915 testimonio type-testimonio status-publish hentry description-off\">\n\n\t\t\t\t\t\t\t<div class=\"post-content-wrapper\">\n\t\t\t\t\t\t\t\t\t\t\t\t\t\t\t\t<div class=\"post-entry-content\">\n\t\t\t\t\t\t\t\t\t<h5 class=\"heading\"><a href=\"https:\/\/estudioinesmoreno.com.ar\/estudio\/testimonio\/juan-pablo-pietri-egresado-de-la-carrera-tecnico-en-recreacion-del-estudio-ines-moreno-desde-asturias-espana\/\" rel=\"bookmark\" title=\"JUAN PABLO PIETRI &#8211; Egresado de la Carrera T\u00e9cnico en RECREACI\u00d3N del estudio in\u00e9s moreno &#8211; desde ASTURIAS &#8211; ESPA\u00d1A\" class=\"post-title\">JUAN PABLO PIETRI &#8211; Egresado de la Carrera T\u00e9cnico en RECREACI\u00d3N del estudio in\u00e9s moreno &#8211; desde ASTURIAS &#8211; ESPA\u00d1A<\/a><\/h5><div class=\"entry-meta\"><\/div><p class=\"short-description\">Me gustar\u00eda que cuando vengas por aqu\u00ed pudieses hacer una visita a Asturias y ense\u00f1arte nuestro centro. Puedes ver un poco de lo que hacemos\u00a0en www.palaciodelosninos.com y xtrm.es. Aqu\u00ed empec\u00e9 como monitor, hasta pasar a coordinaci\u00f3n. Y en muchas\u00a0ocasiones recuerdo muchas vivencias en el estudio, y me doy cuenta la\u00a0buena base que hice all\u00ed. No&hellip;<\/p><a href=\"https:\/\/estudioinesmoreno.com.ar\/estudio\/testimonio\/juan-pablo-pietri-egresado-de-la-carrera-tecnico-en-recreacion-del-estudio-ines-moreno-desde-asturias-espana\/\" target=\"\" aria-label=\"Read more about JUAN PABLO PIETRI &#8211; Egresado de la Carrera T\u00e9cnico en RECREACI\u00d3N del estudio in\u00e9s moreno &#8211; desde ASTURIAS &#8211; ESPA\u00d1A\" class=\"box-button elementor-button elementor-size-xs\">Leer M\u00e1s<i aria-hidden=\"true\" class=\"elementor-button-icon dt-icon-the7-arrow-552\"><\/i><\/a>\t\t\t\t\t\t\t\t<\/div>\n\t\t\t\t\t\t\t<\/div>\n\t\t\t\t\t\t<\/article>\n\t\t\t\t\t<\/div>\t\t\t\t\t\t\t\t\t\t<div class=\"wf-cell hidden \">\n\t\t\t\t\t\t<article class=\"post visible wrapper no-img post-4914 testimonio type-testimonio status-publish hentry description-off\">\n\n\t\t\t\t\t\t\t<div class=\"post-content-wrapper\">\n\t\t\t\t\t\t\t\t\t\t\t\t\t\t\t\t<div class=\"post-entry-content\">\n\t\t\t\t\t\t\t\t\t<h5 class=\"heading\"><a href=\"https:\/\/estudioinesmoreno.com.ar\/estudio\/testimonio\/marina-santacruz-egresada-de-la-carrera-tecnico-en-juego-y-creatividad-del-estudio-ines-moreno-desde-madrid-espana\/\" rel=\"bookmark\" title=\"Marina SANTACRUZ &#8211; Egresada de la Carrera T\u00e9cnico en JUEGO y CREATIVIDAD del estudio in\u00e9s moreno &#8211; desde MADRID &#8211; ESPA\u00d1A\" class=\"post-title\">Marina SANTACRUZ &#8211; Egresada de la Carrera T\u00e9cnico en JUEGO y CREATIVIDAD del estudio in\u00e9s moreno &#8211; desde MADRID &#8211; ESPA\u00d1A<\/a><\/h5><div class=\"entry-meta\"><\/div><p class=\"short-description\">In\u00e9s!! Qu\u00e9 alegr\u00eda y qu\u00e9 honor recibir un mail tuyoooo&#8230; igual que lo del libro! Tengo muchas ganas de verlo, no se lo he pedido a\u00fan a mis padres pero en cuanto lo reciba te har\u00e9 comentarios, no sabes cu\u00e1nta ilusi\u00f3n me hace.. A Argentina no tengo previsto ir por ahora. He\u00a0estado viviendo\u00a0unos 6 a\u00f1os&hellip;<\/p><a href=\"https:\/\/estudioinesmoreno.com.ar\/estudio\/testimonio\/marina-santacruz-egresada-de-la-carrera-tecnico-en-juego-y-creatividad-del-estudio-ines-moreno-desde-madrid-espana\/\" target=\"\" aria-label=\"Read more about Marina SANTACRUZ &#8211; Egresada de la Carrera T\u00e9cnico en JUEGO y CREATIVIDAD del estudio in\u00e9s moreno &#8211; desde MADRID &#8211; ESPA\u00d1A\" class=\"box-button elementor-button elementor-size-xs\">Leer M\u00e1s<i aria-hidden=\"true\" class=\"elementor-button-icon dt-icon-the7-arrow-552\"><\/i><\/a>\t\t\t\t\t\t\t\t<\/div>\n\t\t\t\t\t\t\t<\/div>\n\t\t\t\t\t\t<\/article>\n\t\t\t\t\t<\/div>\t\t\t\t\t\t\t\t\t\t<div class=\"wf-cell hidden \">\n\t\t\t\t\t\t<article class=\"post visible wrapper no-img post-4913 testimonio type-testimonio status-publish hentry description-off\">\n\n\t\t\t\t\t\t\t<div class=\"post-content-wrapper\">\n\t\t\t\t\t\t\t\t\t\t\t\t\t\t\t\t<div class=\"post-entry-content\">\n\t\t\t\t\t\t\t\t\t<h5 class=\"heading\"><a href=\"https:\/\/estudioinesmoreno.com.ar\/estudio\/testimonio\/diana-aveiro\/\" rel=\"bookmark\" title=\"Diana Aveiro\" class=\"post-title\">Diana Aveiro<\/a><\/h5><div class=\"entry-meta\"><\/div><p class=\"short-description\">Buenas Prof. In\u00e9s, S\u00f3lo quer\u00eda agradecerle nuevamente sus palabras, las voy a tomar muy en cuenta y las voy a aplicar, \u00a0de coraz\u00f3n doy gracias a dios por haberme dado la oportunidad de conocerla, es un ser humano incre\u00edble!! la admiro much\u00edsimo, soy de pocas palabras como ya se habr\u00e1 dado cuenta, pero muy agradecida&hellip;<\/p><a href=\"https:\/\/estudioinesmoreno.com.ar\/estudio\/testimonio\/diana-aveiro\/\" target=\"\" aria-label=\"Read more about Diana Aveiro\" class=\"box-button elementor-button elementor-size-xs\">Leer M\u00e1s<i aria-hidden=\"true\" class=\"elementor-button-icon dt-icon-the7-arrow-552\"><\/i><\/a>\t\t\t\t\t\t\t\t<\/div>\n\t\t\t\t\t\t\t<\/div>\n\t\t\t\t\t\t<\/article>\n\t\t\t\t\t<\/div>\t\t\t\t\t\t\t\t\t\t<div class=\"wf-cell hidden \">\n\t\t\t\t\t\t<article class=\"post visible wrapper no-img post-4912 testimonio type-testimonio status-publish hentry description-off\">\n\n\t\t\t\t\t\t\t<div class=\"post-content-wrapper\">\n\t\t\t\t\t\t\t\t\t\t\t\t\t\t\t\t<div class=\"post-entry-content\">\n\t\t\t\t\t\t\t\t\t<h5 class=\"heading\"><a href=\"https:\/\/estudioinesmoreno.com.ar\/estudio\/testimonio\/valeria-lujan-profesora-del-estudio-ines-moreno\/\" rel=\"bookmark\" title=\"VALERIA LUJ\u00c1N &#8211; Profesora del estudio in\u00e9s moreno\" class=\"post-title\">VALERIA LUJ\u00c1N &#8211; Profesora del estudio in\u00e9s moreno<\/a><\/h5><div class=\"entry-meta\"><\/div><p class=\"short-description\">Gracias por tu compromiso con el juego, por seguir dando y brindando tu saber y tu experiencia. Por motivar a otros a seguir y formarlos con la calidad y calidez que siempre te caracteriza. Fue muy emocionante para mi ese reencuentro. Un beso enorme.<\/p><a href=\"https:\/\/estudioinesmoreno.com.ar\/estudio\/testimonio\/valeria-lujan-profesora-del-estudio-ines-moreno\/\" target=\"\" aria-label=\"Read more about VALERIA LUJ\u00c1N &#8211; Profesora del estudio in\u00e9s moreno\" class=\"box-button elementor-button elementor-size-xs\">Leer M\u00e1s<i aria-hidden=\"true\" class=\"elementor-button-icon dt-icon-the7-arrow-552\"><\/i><\/a>\t\t\t\t\t\t\t\t<\/div>\n\t\t\t\t\t\t\t<\/div>\n\t\t\t\t\t\t<\/article>\n\t\t\t\t\t<\/div>\t\t\t\t\t\t\t\t\t\t<div class=\"wf-cell hidden \">\n\t\t\t\t\t\t<article class=\"post visible wrapper no-img post-4911 testimonio type-testimonio status-publish hentry description-off\">\n\n\t\t\t\t\t\t\t<div class=\"post-content-wrapper\">\n\t\t\t\t\t\t\t\t\t\t\t\t\t\t\t\t<div class=\"post-entry-content\">\n\t\t\t\t\t\t\t\t\t<h5 class=\"heading\"><a href=\"https:\/\/estudioinesmoreno.com.ar\/estudio\/testimonio\/vilma-fernandez-desde-cuba\/\" rel=\"bookmark\" title=\"VILMA FERNANDEZ &#8211; desde CUBA\" class=\"post-title\">VILMA FERNANDEZ &#8211; desde CUBA<\/a><\/h5><div class=\"entry-meta\"><\/div><p class=\"short-description\">Ante todo saludos&#8230;&#8230;&#8230;Quiero felicitarla por esa idea tan genial de llevar el juego como capacitaci\u00f3n para el Adulto Mayor&#8230;&#8230; Nosotros por ac\u00e1 tenemos una agrupaci\u00f3n art\u00edsitica de personas mayores\u00a0de 50 a\u00f1os y m\u00e1s ,\u00a0en ello se destaca el baile de Casino como una manifestaci\u00f3n art\u00edsitica y al mismo tiempo como un ejercicio integral donde muchas&hellip;<\/p><a href=\"https:\/\/estudioinesmoreno.com.ar\/estudio\/testimonio\/vilma-fernandez-desde-cuba\/\" target=\"\" aria-label=\"Read more about VILMA FERNANDEZ &#8211; desde CUBA\" class=\"box-button elementor-button elementor-size-xs\">Leer M\u00e1s<i aria-hidden=\"true\" class=\"elementor-button-icon dt-icon-the7-arrow-552\"><\/i><\/a>\t\t\t\t\t\t\t\t<\/div>\n\t\t\t\t\t\t\t<\/div>\n\t\t\t\t\t\t<\/article>\n\t\t\t\t\t<\/div>\t\t\t\t\t\t\t\t\t\t<div class=\"wf-cell hidden \">\n\t\t\t\t\t\t<article class=\"post visible wrapper no-img post-4910 testimonio type-testimonio status-publish hentry description-off\">\n\n\t\t\t\t\t\t\t<div class=\"post-content-wrapper\">\n\t\t\t\t\t\t\t\t\t\t\t\t\t\t\t\t<div class=\"post-entry-content\">\n\t\t\t\t\t\t\t\t\t<h5 class=\"heading\"><a href=\"https:\/\/estudioinesmoreno.com.ar\/estudio\/testimonio\/nora-claudia-bortolon\/\" rel=\"bookmark\" title=\"NORA CLAUDIA BORTOLON\" class=\"post-title\">NORA CLAUDIA BORTOLON<\/a><\/h5><div class=\"entry-meta\"><\/div><p class=\"short-description\">Sra. In\u00e9s Moreno: Agradecida eternamente, porque hice un curso, no recuerdo ahora el nombre del mismo ni el a\u00f1o, pero aprend\u00ed mucho.. y todav\u00eda me falta, hasta el d\u00eda que cierro los ojos para siempre en esta vida, el individuo no deja de aprender, no es cierto???????????????&#8230;. Nora Claudia Bortolin&#8230;.. Docente, psicopedagoga y profesora<\/p><a href=\"https:\/\/estudioinesmoreno.com.ar\/estudio\/testimonio\/nora-claudia-bortolon\/\" target=\"\" aria-label=\"Read more about NORA CLAUDIA BORTOLON\" class=\"box-button elementor-button elementor-size-xs\">Leer M\u00e1s<i aria-hidden=\"true\" class=\"elementor-button-icon dt-icon-the7-arrow-552\"><\/i><\/a>\t\t\t\t\t\t\t\t<\/div>\n\t\t\t\t\t\t\t<\/div>\n\t\t\t\t\t\t<\/article>\n\t\t\t\t\t<\/div>\t\t\t\t\t\t\t\t\t\t<div class=\"wf-cell hidden \">\n\t\t\t\t\t\t<article class=\"post visible wrapper no-img post-4909 testimonio type-testimonio status-publish hentry description-off\">\n\n\t\t\t\t\t\t\t<div class=\"post-content-wrapper\">\n\t\t\t\t\t\t\t\t\t\t\t\t\t\t\t\t<div class=\"post-entry-content\">\n\t\t\t\t\t\t\t\t\t<h5 class=\"heading\"><a href=\"https:\/\/estudioinesmoreno.com.ar\/estudio\/testimonio\/elena-bautista-cely-desde-lisboa-portugal\/\" rel=\"bookmark\" title=\"ELENA BAUTISTA CELY &#8211; Desde Lisboa &#8211; PORTUGAL\" class=\"post-title\">ELENA BAUTISTA CELY &#8211; Desde Lisboa &#8211; PORTUGAL<\/a><\/h5><div class=\"entry-meta\"><\/div><p class=\"short-description\">Estimada In\u00e9s Recibe un cordial saludo desde Lisboa Portugal. Muchas felicitaciones por esos 35 a\u00f1os de ludicidad y felicidad! Durante todos estos a\u00f1os muchas personas profesionales, amigos, conocidos de alguna manera se han cruzado contigo en tu estudio o el los pa\u00edses donde has estado\u00a0llevando un rinconcito de tu estudio. Tantas personas, que seria imposible&hellip;<\/p><a href=\"https:\/\/estudioinesmoreno.com.ar\/estudio\/testimonio\/elena-bautista-cely-desde-lisboa-portugal\/\" target=\"\" aria-label=\"Read more about ELENA BAUTISTA CELY &#8211; Desde Lisboa &#8211; PORTUGAL\" class=\"box-button elementor-button elementor-size-xs\">Leer M\u00e1s<i aria-hidden=\"true\" class=\"elementor-button-icon dt-icon-the7-arrow-552\"><\/i><\/a>\t\t\t\t\t\t\t\t<\/div>\n\t\t\t\t\t\t\t<\/div>\n\t\t\t\t\t\t<\/article>\n\t\t\t\t\t<\/div>\t\t\t\t\t\t\t\t\t\t<div class=\"wf-cell hidden \">\n\t\t\t\t\t\t<article class=\"post visible wrapper no-img post-4908 testimonio type-testimonio status-publish hentry description-off\">\n\n\t\t\t\t\t\t\t<div class=\"post-content-wrapper\">\n\t\t\t\t\t\t\t\t\t\t\t\t\t\t\t\t<div class=\"post-entry-content\">\n\t\t\t\t\t\t\t\t\t<h5 class=\"heading\"><a href=\"https:\/\/estudioinesmoreno.com.ar\/estudio\/testimonio\/federico-pizzorno-egresado-de-la-escuela-de-facilitadores-de-juego-del-estudio-desde-bariloche-2013\/\" rel=\"bookmark\" title=\"FEDERICO PIZZORNO \u2013 Egresado de la ESCUELA de FACILITADORES de JUEGO del estudio desde Bariloche 2013\" class=\"post-title\">FEDERICO PIZZORNO \u2013 Egresado de la ESCUELA de FACILITADORES de JUEGO del estudio desde Bariloche 2013<\/a><\/h5><div class=\"entry-meta\"><\/div><p class=\"short-description\">Hola, muy emotivo el video y como siempre con la necesidad de permitir que las emociones est\u00e9n ah\u00ed al alcance de la mano de uno y con el otro. As\u00ed es el Juego &#8230; el permiso de la confianza y de la complicidad, de la empat\u00eda, de los acuerdos, la creatividad, el aprendizaje y el&hellip;<\/p><a href=\"https:\/\/estudioinesmoreno.com.ar\/estudio\/testimonio\/federico-pizzorno-egresado-de-la-escuela-de-facilitadores-de-juego-del-estudio-desde-bariloche-2013\/\" target=\"\" aria-label=\"Read more about FEDERICO PIZZORNO \u2013 Egresado de la ESCUELA de FACILITADORES de JUEGO del estudio desde Bariloche 2013\" class=\"box-button elementor-button elementor-size-xs\">Leer M\u00e1s<i aria-hidden=\"true\" class=\"elementor-button-icon dt-icon-the7-arrow-552\"><\/i><\/a>\t\t\t\t\t\t\t\t<\/div>\n\t\t\t\t\t\t\t<\/div>\n\t\t\t\t\t\t<\/article>\n\t\t\t\t\t<\/div>\t\t\t\t\t\t\t\t\t\t<div class=\"wf-cell hidden \">\n\t\t\t\t\t\t<article class=\"post visible wrapper no-img post-4907 testimonio type-testimonio status-publish hentry description-off\">\n\n\t\t\t\t\t\t\t<div class=\"post-content-wrapper\">\n\t\t\t\t\t\t\t\t\t\t\t\t\t\t\t\t<div class=\"post-entry-content\">\n\t\t\t\t\t\t\t\t\t<h5 class=\"heading\"><a href=\"https:\/\/estudioinesmoreno.com.ar\/estudio\/testimonio\/desde-bilbao-espana-manuel-cuenca-vicerrector-universidad-deusto\/\" rel=\"bookmark\" title=\"Desde Bilbao &#8211; Espa\u00f1a &#8211; MANUEL CUENCA Vicerrector &#8211; Universidad DEUSTO\" class=\"post-title\">Desde Bilbao &#8211; Espa\u00f1a &#8211; MANUEL CUENCA Vicerrector &#8211; Universidad DEUSTO<\/a><\/h5><div class=\"entry-meta\"><\/div><p class=\"short-description\">Muchas Felicidades In\u00e9s, no es nada f\u00e1cil llegar a mantener un proyecto 35 a\u00f1os con la ilusi\u00f3n que lo has hecho t\u00fa. Estos dias te hemos recordado especialmente porque ha pasado por aqu\u00ed Nelson Mel\u00e9ndez y su esposa. Un fuerte abrazo para todos y \u00a1mucho \u00e1nimo!<\/p><a href=\"https:\/\/estudioinesmoreno.com.ar\/estudio\/testimonio\/desde-bilbao-espana-manuel-cuenca-vicerrector-universidad-deusto\/\" target=\"\" aria-label=\"Read more about Desde Bilbao &#8211; Espa\u00f1a &#8211; MANUEL CUENCA Vicerrector &#8211; Universidad DEUSTO\" class=\"box-button elementor-button elementor-size-xs\">Leer M\u00e1s<i aria-hidden=\"true\" class=\"elementor-button-icon dt-icon-the7-arrow-552\"><\/i><\/a>\t\t\t\t\t\t\t\t<\/div>\n\t\t\t\t\t\t\t<\/div>\n\t\t\t\t\t\t<\/article>\n\t\t\t\t\t<\/div>\t\t\t\t\t\t\t\t\t\t<div class=\"wf-cell hidden \">\n\t\t\t\t\t\t<article class=\"post visible wrapper no-img post-4798 testimonio type-testimonio status-publish hentry description-off\">\n\n\t\t\t\t\t\t\t<div class=\"post-content-wrapper\">\n\t\t\t\t\t\t\t\t\t\t\t\t\t\t\t\t<div class=\"post-entry-content\">\n\t\t\t\t\t\t\t\t\t<h5 class=\"heading\"><a href=\"https:\/\/estudioinesmoreno.com.ar\/estudio\/testimonio\/nuevos-testimonios\/\" rel=\"bookmark\" title=\"Nuevos Testimonios\" class=\"post-title\">Nuevos Testimonios<\/a><\/h5><div class=\"entry-meta\"><\/div><p class=\"short-description\">A ra\u00edz del mensaje enviado por Profesora In\u00e9s Moreno &#8211; Una Piedrecita y la Punta de un Zapato &#8211; para el D\u00eda Internacional del Juego y la invitaci\u00f3n a relatar la forma en que cada uno iba a festejar, recibimos v\u00eda\u00a0 mail y por Facebook, cientos de respuestas. Hemos seleccionado algunas para compartir y continuar,&hellip;<\/p><a href=\"https:\/\/estudioinesmoreno.com.ar\/estudio\/testimonio\/nuevos-testimonios\/\" target=\"\" aria-label=\"Read more about Nuevos Testimonios\" class=\"box-button elementor-button elementor-size-xs\">Leer M\u00e1s<i aria-hidden=\"true\" class=\"elementor-button-icon dt-icon-the7-arrow-552\"><\/i><\/a>\t\t\t\t\t\t\t\t<\/div>\n\t\t\t\t\t\t\t<\/div>\n\t\t\t\t\t\t<\/article>\n\t\t\t\t\t<\/div>\t\t\t\t\t\t\t\t\t\t<div class=\"wf-cell hidden \">\n\t\t\t\t\t\t<article class=\"post visible wrapper no-img post-3744 testimonio type-testimonio status-publish hentry description-off\">\n\n\t\t\t\t\t\t\t<div class=\"post-content-wrapper\">\n\t\t\t\t\t\t\t\t\t\t\t\t\t\t\t\t<div class=\"post-entry-content\">\n\t\t\t\t\t\t\t\t\t<h5 class=\"heading\"><a href=\"https:\/\/estudioinesmoreno.com.ar\/estudio\/testimonio\/mario-acebal-desde-cordoba\/\" rel=\"bookmark\" title=\"Mario Acebal &#8211; Desde C\u00f3rdoba\" class=\"post-title\">Mario Acebal &#8211; Desde C\u00f3rdoba<\/a><\/h5><div class=\"entry-meta\"><\/div><p class=\"short-description\">Estimada In\u00e9s: Me alegra much\u00edsimo esta nueva oportunidad que la vida te brinda. S\u00f3lo es fruto de todo un trabajo profesional y responsable desarrollado a lo largo de toda tu carrera. Un beso enorme Mario Acebal &#8211; C\u00f3rdoba &#8211; Argentina<\/p><a href=\"https:\/\/estudioinesmoreno.com.ar\/estudio\/testimonio\/mario-acebal-desde-cordoba\/\" target=\"\" aria-label=\"Read more about Mario Acebal &#8211; Desde C\u00f3rdoba\" class=\"box-button elementor-button elementor-size-xs\">Leer M\u00e1s<i aria-hidden=\"true\" class=\"elementor-button-icon dt-icon-the7-arrow-552\"><\/i><\/a>\t\t\t\t\t\t\t\t<\/div>\n\t\t\t\t\t\t\t<\/div>\n\t\t\t\t\t\t<\/article>\n\t\t\t\t\t<\/div>\t\t\t\t\t\t\t\t\t\t<div class=\"wf-cell hidden \">\n\t\t\t\t\t\t<article class=\"post visible wrapper no-img post-3742 testimonio type-testimonio status-publish hentry description-off\">\n\n\t\t\t\t\t\t\t<div class=\"post-content-wrapper\">\n\t\t\t\t\t\t\t\t\t\t\t\t\t\t\t\t<div class=\"post-entry-content\">\n\t\t\t\t\t\t\t\t\t<h5 class=\"heading\"><a href=\"https:\/\/estudioinesmoreno.com.ar\/estudio\/testimonio\/desde-barcelona-2\/\" rel=\"bookmark\" title=\"Desde Barcelona\" class=\"post-title\">Desde Barcelona<\/a><\/h5><div class=\"entry-meta\"><\/div><p class=\"short-description\">Hola Ines Moreno! Un placer y una alegr\u00eda saludarte! Nos conocimos en Buenos Aires en el congreso de creatividad y nuevas tendencias en el aula, ahora vivo en Barcelona y me inscrib\u00ed en el forum ludens, estoy muy feliz por ello&#8230;&#8230;&#8230;. Nos veremos en pocos d\u00edas&#8230; Mi nombre es Maria Angelica Rodriguez. Barcelona<\/p><a href=\"https:\/\/estudioinesmoreno.com.ar\/estudio\/testimonio\/desde-barcelona-2\/\" target=\"\" aria-label=\"Read more about Desde Barcelona\" class=\"box-button elementor-button elementor-size-xs\">Leer M\u00e1s<i aria-hidden=\"true\" class=\"elementor-button-icon dt-icon-the7-arrow-552\"><\/i><\/a>\t\t\t\t\t\t\t\t<\/div>\n\t\t\t\t\t\t\t<\/div>\n\t\t\t\t\t\t<\/article>\n\t\t\t\t\t<\/div>\t\t\t\t\t\t\t\t\t\t<div class=\"wf-cell hidden \">\n\t\t\t\t\t\t<article class=\"post visible wrapper no-img post-3741 testimonio type-testimonio status-publish hentry description-off\">\n\n\t\t\t\t\t\t\t<div class=\"post-content-wrapper\">\n\t\t\t\t\t\t\t\t\t\t\t\t\t\t\t\t<div class=\"post-entry-content\">\n\t\t\t\t\t\t\t\t\t<h5 class=\"heading\"><a href=\"https:\/\/estudioinesmoreno.com.ar\/estudio\/testimonio\/universidad-tunas-cuba\/\" rel=\"bookmark\" title=\"Universidad Tunas &#8211; Cuba\" class=\"post-title\">Universidad Tunas &#8211; Cuba<\/a><\/h5><div class=\"entry-meta\"><\/div><p class=\"short-description\">Estimada y respetada Ines Moreno. Te felicito por tu gesti\u00f3n educativa, y por tus competencias para descubrir las potencialidades de las TIC y de la Pedagog\u00eda, dime si vienes a INNOED, al evento que se celebrar\u00e1 en mayo, 25 en nuestra universidad, las TUNAS, CUBA. Abrazos. Mar\u00eda Nela &#8211; CUBA &nbsp;<\/p><a href=\"https:\/\/estudioinesmoreno.com.ar\/estudio\/testimonio\/universidad-tunas-cuba\/\" target=\"\" aria-label=\"Read more about Universidad Tunas &#8211; Cuba\" class=\"box-button elementor-button elementor-size-xs\">Leer M\u00e1s<i aria-hidden=\"true\" class=\"elementor-button-icon dt-icon-the7-arrow-552\"><\/i><\/a>\t\t\t\t\t\t\t\t<\/div>\n\t\t\t\t\t\t\t<\/div>\n\t\t\t\t\t\t<\/article>\n\t\t\t\t\t<\/div>\t\t\t\t\t\t\t\t\t\t<div class=\"wf-cell hidden \">\n\t\t\t\t\t\t<article class=\"post visible wrapper no-img post-3740 testimonio type-testimonio status-publish hentry description-off\">\n\n\t\t\t\t\t\t\t<div class=\"post-content-wrapper\">\n\t\t\t\t\t\t\t\t\t\t\t\t\t\t\t\t<div class=\"post-entry-content\">\n\t\t\t\t\t\t\t\t\t<h5 class=\"heading\"><a href=\"https:\/\/estudioinesmoreno.com.ar\/estudio\/testimonio\/cali-carlos-burgoa-hotel-llao-llao-bariloche-patagonia-argentina\/\" rel=\"bookmark\" title=\"Cali Carlos Burgoa &#8211; Hotel Llao-Llao &#8211; Bariloche &#8211; Patagonia Argentina\" class=\"post-title\">Cali Carlos Burgoa &#8211; Hotel Llao-Llao &#8211; Bariloche &#8211; Patagonia Argentina<\/a><\/h5><div class=\"entry-meta\"><\/div><p class=\"short-description\">Querida In\u00e9s, solamente un par de l\u00edneas para comentarte que he le\u00eddo tu art\u00edculo en La Naci\u00f3n del domingo pasado y realmente es de una incre\u00edble y dolorosa realidad. Quer\u00eda felicitarte por haber puesto tan claro lo que nos pasa en nuestro querido pa\u00eds. Un beso grande. Cali Carlos Burgoa &#8211; Gerente General &#8211; General&hellip;<\/p><a href=\"https:\/\/estudioinesmoreno.com.ar\/estudio\/testimonio\/cali-carlos-burgoa-hotel-llao-llao-bariloche-patagonia-argentina\/\" target=\"\" aria-label=\"Read more about Cali Carlos Burgoa &#8211; Hotel Llao-Llao &#8211; Bariloche &#8211; Patagonia Argentina\" class=\"box-button elementor-button elementor-size-xs\">Leer M\u00e1s<i aria-hidden=\"true\" class=\"elementor-button-icon dt-icon-the7-arrow-552\"><\/i><\/a>\t\t\t\t\t\t\t\t<\/div>\n\t\t\t\t\t\t\t<\/div>\n\t\t\t\t\t\t<\/article>\n\t\t\t\t\t<\/div>\t\t\t\t\t\t\t\t\t\t<div class=\"wf-cell hidden \">\n\t\t\t\t\t\t<article class=\"post visible wrapper no-img post-3739 testimonio type-testimonio status-publish hentry description-off\">\n\n\t\t\t\t\t\t\t<div class=\"post-content-wrapper\">\n\t\t\t\t\t\t\t\t\t\t\t\t\t\t\t\t<div class=\"post-entry-content\">\n\t\t\t\t\t\t\t\t\t<h5 class=\"heading\"><a href=\"https:\/\/estudioinesmoreno.com.ar\/estudio\/testimonio\/escuela-normal-numero-8-buenos-aires\/\" rel=\"bookmark\" title=\"Escuela Normal N\u00famero 8 &#8211; Buenos Aires\" class=\"post-title\">Escuela Normal N\u00famero 8 &#8211; Buenos Aires<\/a><\/h5><div class=\"entry-meta\"><\/div><p class=\"short-description\">Nuevamente much\u00edsimas gracias por tu tiempo, tu dedicaci\u00f3n y tu formaci\u00f3n. Estuvo maravilloso; TODOS quedamos muy satisfechos de conocerte y poder compartir JUGANDO un aprendizaje tan enriquecedor. Gracias directivos, profesores y alumnos de la Esc. Normal N\u00ba8 Profesora Mar\u00eda Angela Men\u00e9ndez &nbsp;<\/p><a href=\"https:\/\/estudioinesmoreno.com.ar\/estudio\/testimonio\/escuela-normal-numero-8-buenos-aires\/\" target=\"\" aria-label=\"Read more about Escuela Normal N\u00famero 8 &#8211; Buenos Aires\" class=\"box-button elementor-button elementor-size-xs\">Leer M\u00e1s<i aria-hidden=\"true\" class=\"elementor-button-icon dt-icon-the7-arrow-552\"><\/i><\/a>\t\t\t\t\t\t\t\t<\/div>\n\t\t\t\t\t\t\t<\/div>\n\t\t\t\t\t\t<\/article>\n\t\t\t\t\t<\/div>\t\t\t\t\t\t\t\t\t\t<div class=\"wf-cell hidden \">\n\t\t\t\t\t\t<article class=\"post visible wrapper no-img post-3738 testimonio type-testimonio status-publish hentry description-off\">\n\n\t\t\t\t\t\t\t<div class=\"post-content-wrapper\">\n\t\t\t\t\t\t\t\t\t\t\t\t\t\t\t\t<div class=\"post-entry-content\">\n\t\t\t\t\t\t\t\t\t<h5 class=\"heading\"><a href=\"https:\/\/estudioinesmoreno.com.ar\/estudio\/testimonio\/patricia-malik\/\" rel=\"bookmark\" title=\"Patricia Malik\" class=\"post-title\">Patricia Malik<\/a><\/h5><div class=\"entry-meta\"><\/div><p class=\"short-description\">Hola In\u00e9s: Nunca mejor esta imagen este texto y esta energ\u00eda que siempre despliegas en cada fin de a\u00f1o!!!! Saber que de cada final siempre hay un punto de partida me hace renovar cada dia la obligaci\u00f3n y el compromiso de Ser feliz!!!!! Un c\u00e1lido y afectuoso abrazo de quien te quiere y te admira&hellip;<\/p><a href=\"https:\/\/estudioinesmoreno.com.ar\/estudio\/testimonio\/patricia-malik\/\" target=\"\" aria-label=\"Read more about Patricia Malik\" class=\"box-button elementor-button elementor-size-xs\">Leer M\u00e1s<i aria-hidden=\"true\" class=\"elementor-button-icon dt-icon-the7-arrow-552\"><\/i><\/a>\t\t\t\t\t\t\t\t<\/div>\n\t\t\t\t\t\t\t<\/div>\n\t\t\t\t\t\t<\/article>\n\t\t\t\t\t<\/div>\t\t\t\t\t\t\t\t\t\t<div class=\"wf-cell hidden \">\n\t\t\t\t\t\t<article class=\"post visible wrapper no-img post-3737 testimonio type-testimonio status-publish hentry description-off\">\n\n\t\t\t\t\t\t\t<div class=\"post-content-wrapper\">\n\t\t\t\t\t\t\t\t\t\t\t\t\t\t\t\t<div class=\"post-entry-content\">\n\t\t\t\t\t\t\t\t\t<h5 class=\"heading\"><a href=\"https:\/\/estudioinesmoreno.com.ar\/estudio\/testimonio\/vanessa-zamora-espana\/\" rel=\"bookmark\" title=\"Vanessa Zamora &#8211; Espa\u00f1a\" class=\"post-title\">Vanessa Zamora &#8211; Espa\u00f1a<\/a><\/h5><div class=\"entry-meta\"><\/div><p class=\"short-description\">Es imposible que este a\u00f1o, a\u00fan con todo lo dif\u00edcil que ha sido en muchos aspectos, no lo considere muy especial para m\u00ed, y determinante en mi vida presente y futura&#8230; y es as\u00ed fundamentalmente por mi viaje y estancia en Argentina, en tu Estudio In\u00e9s. En mi balance de 2009, est\u00e1s t\u00fa por todos&hellip;<\/p><a href=\"https:\/\/estudioinesmoreno.com.ar\/estudio\/testimonio\/vanessa-zamora-espana\/\" target=\"\" aria-label=\"Read more about Vanessa Zamora &#8211; Espa\u00f1a\" class=\"box-button elementor-button elementor-size-xs\">Leer M\u00e1s<i aria-hidden=\"true\" class=\"elementor-button-icon dt-icon-the7-arrow-552\"><\/i><\/a>\t\t\t\t\t\t\t\t<\/div>\n\t\t\t\t\t\t\t<\/div>\n\t\t\t\t\t\t<\/article>\n\t\t\t\t\t<\/div>\t\t\t\t\t\t\t\t\t\t<div class=\"wf-cell hidden \">\n\t\t\t\t\t\t<article class=\"post visible wrapper no-img post-3736 testimonio type-testimonio status-publish hentry description-off\">\n\n\t\t\t\t\t\t\t<div class=\"post-content-wrapper\">\n\t\t\t\t\t\t\t\t\t\t\t\t\t\t\t\t<div class=\"post-entry-content\">\n\t\t\t\t\t\t\t\t\t<h5 class=\"heading\"><a href=\"https:\/\/estudioinesmoreno.com.ar\/estudio\/testimonio\/maria-morera-desde-costa-rica\/\" rel=\"bookmark\" title=\"Maria Morera desde Costa Rica\" class=\"post-title\">Maria Morera desde Costa Rica<\/a><\/h5><div class=\"entry-meta\"><\/div><p class=\"short-description\">Mil gracias&#8230; Un gran abrazo y deseandote lo mejor para el 2010 con el cari\u00f1o de siempre. Maria Morera &nbsp;<\/p><a href=\"https:\/\/estudioinesmoreno.com.ar\/estudio\/testimonio\/maria-morera-desde-costa-rica\/\" target=\"\" aria-label=\"Read more about Maria Morera desde Costa Rica\" class=\"box-button elementor-button elementor-size-xs\">Leer M\u00e1s<i aria-hidden=\"true\" class=\"elementor-button-icon dt-icon-the7-arrow-552\"><\/i><\/a>\t\t\t\t\t\t\t\t<\/div>\n\t\t\t\t\t\t\t<\/div>\n\t\t\t\t\t\t<\/article>\n\t\t\t\t\t<\/div>\t\t\t\t\t\t\t\t\t\t<div class=\"wf-cell hidden \">\n\t\t\t\t\t\t<article class=\"post visible wrapper no-img post-3735 testimonio type-testimonio status-publish hentry description-off\">\n\n\t\t\t\t\t\t\t<div class=\"post-content-wrapper\">\n\t\t\t\t\t\t\t\t\t\t\t\t\t\t\t\t<div class=\"post-entry-content\">\n\t\t\t\t\t\t\t\t\t<h5 class=\"heading\"><a href=\"https:\/\/estudioinesmoreno.com.ar\/estudio\/testimonio\/desde-mexico\/\" rel=\"bookmark\" title=\"Desde M\u00e9xico\" class=\"post-title\">Desde M\u00e9xico<\/a><\/h5><div class=\"entry-meta\"><\/div><p class=\"short-description\">Me ha encantado esto. \u00a1Qu\u00e9 beso tan grande te mando!!!!! Feliz a\u00f1o. Rafael Pinto Director General &nbsp;<\/p><a href=\"https:\/\/estudioinesmoreno.com.ar\/estudio\/testimonio\/desde-mexico\/\" target=\"\" aria-label=\"Read more about Desde M\u00e9xico\" class=\"box-button elementor-button elementor-size-xs\">Leer M\u00e1s<i aria-hidden=\"true\" class=\"elementor-button-icon dt-icon-the7-arrow-552\"><\/i><\/a>\t\t\t\t\t\t\t\t<\/div>\n\t\t\t\t\t\t\t<\/div>\n\t\t\t\t\t\t<\/article>\n\t\t\t\t\t<\/div>\t\t\t\t\t\t\t\t\t\t<div class=\"wf-cell hidden \">\n\t\t\t\t\t\t<article class=\"post visible wrapper no-img post-3734 testimonio type-testimonio status-publish hentry description-off\">\n\n\t\t\t\t\t\t\t<div class=\"post-content-wrapper\">\n\t\t\t\t\t\t\t\t\t\t\t\t\t\t\t\t<div class=\"post-entry-content\">\n\t\t\t\t\t\t\t\t\t<h5 class=\"heading\"><a href=\"https:\/\/estudioinesmoreno.com.ar\/estudio\/testimonio\/desde-bell-ville\/\" rel=\"bookmark\" title=\"Desde Bell Ville\" class=\"post-title\">Desde Bell Ville<\/a><\/h5><div class=\"entry-meta\"><\/div><p class=\"short-description\">QUERIDA IN\u00c9S, GRAN AMIGA, MARCADORA DE CAMINOS ESPERO QUE EL 2010 TE AGARRE CON UNA BUENA COPA DE CHAMPAGNE EN LA MANO Y UN TORRENTE DE AMOR EN EL ALMA. SIEMPRE ESTAS PRESENTE EN MI CORAZ\u00d3N PETTY DESDE BELL VILLE &nbsp;<\/p><a href=\"https:\/\/estudioinesmoreno.com.ar\/estudio\/testimonio\/desde-bell-ville\/\" target=\"\" aria-label=\"Read more about Desde Bell Ville\" class=\"box-button elementor-button elementor-size-xs\">Leer M\u00e1s<i aria-hidden=\"true\" class=\"elementor-button-icon dt-icon-the7-arrow-552\"><\/i><\/a>\t\t\t\t\t\t\t\t<\/div>\n\t\t\t\t\t\t\t<\/div>\n\t\t\t\t\t\t<\/article>\n\t\t\t\t\t<\/div>\t\t\t\t\t\t\t\t\t\t<div class=\"wf-cell hidden \">\n\t\t\t\t\t\t<article class=\"post visible wrapper no-img post-3733 testimonio type-testimonio status-publish hentry description-off\">\n\n\t\t\t\t\t\t\t<div class=\"post-content-wrapper\">\n\t\t\t\t\t\t\t\t\t\t\t\t\t\t\t\t<div class=\"post-entry-content\">\n\t\t\t\t\t\t\t\t\t<h5 class=\"heading\"><a href=\"https:\/\/estudioinesmoreno.com.ar\/estudio\/testimonio\/ludotecaria-de-tenerife\/\" rel=\"bookmark\" title=\"Ludotecaria de Tenerife\" class=\"post-title\">Ludotecaria de Tenerife<\/a><\/h5><div class=\"entry-meta\"><\/div><p class=\"short-description\">Hola In\u00e9s, Yo tambi\u00e9n brindo por ti y por todo tu trabajo. FELIZ NAVIDAD Y PR\u00d3SPERO A\u00d1O NUEVO , QUE LOS REYES MAGOS TE DEJEN MUCHO TRABAJO PARA SEGUIR JUGANDO Y FORMANDO A PERSONAS COMO YO. BESOS. HASTA PRONTO. Dora, Ludotecaria de Tenerife (de La Luna Azul y El B\u00faho Sabio). &nbsp;<\/p><a href=\"https:\/\/estudioinesmoreno.com.ar\/estudio\/testimonio\/ludotecaria-de-tenerife\/\" target=\"\" aria-label=\"Read more about Ludotecaria de Tenerife\" class=\"box-button elementor-button elementor-size-xs\">Leer M\u00e1s<i aria-hidden=\"true\" class=\"elementor-button-icon dt-icon-the7-arrow-552\"><\/i><\/a>\t\t\t\t\t\t\t\t<\/div>\n\t\t\t\t\t\t\t<\/div>\n\t\t\t\t\t\t<\/article>\n\t\t\t\t\t<\/div>\t\t\t\t\t\t\t\t\t\t<div class=\"wf-cell hidden \">\n\t\t\t\t\t\t<article class=\"post visible wrapper no-img post-3732 testimonio type-testimonio status-publish hentry description-off\">\n\n\t\t\t\t\t\t\t<div class=\"post-content-wrapper\">\n\t\t\t\t\t\t\t\t\t\t\t\t\t\t\t\t<div class=\"post-entry-content\">\n\t\t\t\t\t\t\t\t\t<h5 class=\"heading\"><a href=\"https:\/\/estudioinesmoreno.com.ar\/estudio\/testimonio\/desde-paraguay\/\" rel=\"bookmark\" title=\"Desde Paraguay\" class=\"post-title\">Desde Paraguay<\/a><\/h5><div class=\"entry-meta\"><\/div><p class=\"short-description\">Con mis mejores y sinceros augurios en la persona de In\u00e9s Moreno, envio estas l\u00edneas para todos los que durante el a\u00f1o 2009, me han acompa\u00f1ado, en este camino de crecimiento. MUCHAS FELICIDADES Y EXITOS!!!!! Con mucho cari\u00f1o: Judith Cabral &nbsp;<\/p><a href=\"https:\/\/estudioinesmoreno.com.ar\/estudio\/testimonio\/desde-paraguay\/\" target=\"\" aria-label=\"Read more about Desde Paraguay\" class=\"box-button elementor-button elementor-size-xs\">Leer M\u00e1s<i aria-hidden=\"true\" class=\"elementor-button-icon dt-icon-the7-arrow-552\"><\/i><\/a>\t\t\t\t\t\t\t\t<\/div>\n\t\t\t\t\t\t\t<\/div>\n\t\t\t\t\t\t<\/article>\n\t\t\t\t\t<\/div>\t\t\t\t\t\t\t\t\t\t<div class=\"wf-cell hidden \">\n\t\t\t\t\t\t<article class=\"post visible wrapper no-img post-3730 testimonio type-testimonio status-publish hentry description-off\">\n\n\t\t\t\t\t\t\t<div class=\"post-content-wrapper\">\n\t\t\t\t\t\t\t\t\t\t\t\t\t\t\t\t<div class=\"post-entry-content\">\n\t\t\t\t\t\t\t\t\t<h5 class=\"heading\"><a href=\"https:\/\/estudioinesmoreno.com.ar\/estudio\/testimonio\/egresada-el-juego-y-los-juegos\/\" rel=\"bookmark\" title=\"Egresada El Juego y los Juegos\" class=\"post-title\">Egresada El Juego y los Juegos<\/a><\/h5><div class=\"entry-meta\"><\/div><p class=\"short-description\">Que lindo!! Gracias!! Gracias por abrirme las puertas de un lugar maravilloso que me permiti\u00f3 reencontrarme con una parte m\u00eda que me hace muy feliz. Gracias por acompa\u00f1arme y guiarme en este camino. Gracias por ense\u00f1arme a transformar. Miles de gracias por todo lo que significan! Brindo por el encuentro. Cari\u00f1os, Tatu Ramat &nbsp;<\/p><a href=\"https:\/\/estudioinesmoreno.com.ar\/estudio\/testimonio\/egresada-el-juego-y-los-juegos\/\" target=\"\" aria-label=\"Read more about Egresada El Juego y los Juegos\" class=\"box-button elementor-button elementor-size-xs\">Leer M\u00e1s<i aria-hidden=\"true\" class=\"elementor-button-icon dt-icon-the7-arrow-552\"><\/i><\/a>\t\t\t\t\t\t\t\t<\/div>\n\t\t\t\t\t\t\t<\/div>\n\t\t\t\t\t\t<\/article>\n\t\t\t\t\t<\/div>\t\t\t\t\t\t\t\t\t\t<div class=\"wf-cell hidden \">\n\t\t\t\t\t\t<article class=\"post visible wrapper no-img post-3729 testimonio type-testimonio status-publish hentry description-off\">\n\n\t\t\t\t\t\t\t<div class=\"post-content-wrapper\">\n\t\t\t\t\t\t\t\t\t\t\t\t\t\t\t\t<div class=\"post-entry-content\">\n\t\t\t\t\t\t\t\t\t<h5 class=\"heading\"><a href=\"https:\/\/estudioinesmoreno.com.ar\/estudio\/testimonio\/ex-alumno-darse-cuenta\/\" rel=\"bookmark\" title=\"Ex-Alumno \u00abDarse Cuenta\u00bb\" class=\"post-title\">Ex-Alumno \u00abDarse Cuenta\u00bb<\/a><\/h5><div class=\"entry-meta\"><\/div><p class=\"short-description\">Agradezco la dedicaci\u00f3n, paciencia, firmeza con que he sido tratado. en definitiva: amor. Debo al contacto con uds. tener alguna posibilidad de cambio, saborear el dolor que se produce cuando se quiebra algo dentro de uno mismo&#8230; la vivencia del cambio como forma de vida, aun cuando me falte mucho. En honor a uds. espero&hellip;<\/p><a href=\"https:\/\/estudioinesmoreno.com.ar\/estudio\/testimonio\/ex-alumno-darse-cuenta\/\" target=\"\" aria-label=\"Read more about Ex-Alumno \u00abDarse Cuenta\u00bb\" class=\"box-button elementor-button elementor-size-xs\">Leer M\u00e1s<i aria-hidden=\"true\" class=\"elementor-button-icon dt-icon-the7-arrow-552\"><\/i><\/a>\t\t\t\t\t\t\t\t<\/div>\n\t\t\t\t\t\t\t<\/div>\n\t\t\t\t\t\t<\/article>\n\t\t\t\t\t<\/div>\t\t\t\t\t\t\t\t\t\t<div class=\"wf-cell hidden \">\n\t\t\t\t\t\t<article class=\"post visible wrapper no-img post-3728 testimonio type-testimonio status-publish hentry description-off\">\n\n\t\t\t\t\t\t\t<div class=\"post-content-wrapper\">\n\t\t\t\t\t\t\t\t\t\t\t\t\t\t\t\t<div class=\"post-entry-content\">\n\t\t\t\t\t\t\t\t\t<h5 class=\"heading\"><a href=\"https:\/\/estudioinesmoreno.com.ar\/estudio\/testimonio\/alicia-gandini\/\" rel=\"bookmark\" title=\"Alicia Gandini\" class=\"post-title\">Alicia Gandini<\/a><\/h5><div class=\"entry-meta\"><\/div><p class=\"short-description\">Para mi sentir este a\u00f1o no pude concurrir , mirando cada mail que llegaba y deseando estar all\u00e1. Pero mi afecto estuvo todo el a\u00f1o con ustedes y alegr\u00e1ndome de los \u00e9xitos que tuvieron. Que sigan por esa escalera, en la que cada pelda\u00f1o es una ilusi\u00f3n, una alegr\u00eda y un descubrir. Deseo lo mejor&hellip;<\/p><a href=\"https:\/\/estudioinesmoreno.com.ar\/estudio\/testimonio\/alicia-gandini\/\" target=\"\" aria-label=\"Read more about Alicia Gandini\" class=\"box-button elementor-button elementor-size-xs\">Leer M\u00e1s<i aria-hidden=\"true\" class=\"elementor-button-icon dt-icon-the7-arrow-552\"><\/i><\/a>\t\t\t\t\t\t\t\t<\/div>\n\t\t\t\t\t\t\t<\/div>\n\t\t\t\t\t\t<\/article>\n\t\t\t\t\t<\/div>\t\t\t\t\t\t\t\t\t\t<div class=\"wf-cell hidden \">\n\t\t\t\t\t\t<article class=\"post visible wrapper no-img post-3727 testimonio type-testimonio status-publish hentry description-off\">\n\n\t\t\t\t\t\t\t<div class=\"post-content-wrapper\">\n\t\t\t\t\t\t\t\t\t\t\t\t\t\t\t\t<div class=\"post-entry-content\">\n\t\t\t\t\t\t\t\t\t<h5 class=\"heading\"><a href=\"https:\/\/estudioinesmoreno.com.ar\/estudio\/testimonio\/desde-cordoba\/\" rel=\"bookmark\" title=\"Desde C\u00f3rdoba\" class=\"post-title\">Desde C\u00f3rdoba<\/a><\/h5><div class=\"entry-meta\"><\/div><p class=\"short-description\">Muchas gracias, querida In\u00e9s, siempre en mi coraz\u00f3n. Te quiero mucho Maestra!!! Brindo por t\u00ed, por m\u00ed, por todos los que nos jugamos en la Vida. Abrazos Yoly Ripol &nbsp;<\/p><a href=\"https:\/\/estudioinesmoreno.com.ar\/estudio\/testimonio\/desde-cordoba\/\" target=\"\" aria-label=\"Read more about Desde C\u00f3rdoba\" class=\"box-button elementor-button elementor-size-xs\">Leer M\u00e1s<i aria-hidden=\"true\" class=\"elementor-button-icon dt-icon-the7-arrow-552\"><\/i><\/a>\t\t\t\t\t\t\t\t<\/div>\n\t\t\t\t\t\t\t<\/div>\n\t\t\t\t\t\t<\/article>\n\t\t\t\t\t<\/div>\t\t\t\t\t\t\t\t\t\t<div class=\"wf-cell hidden \">\n\t\t\t\t\t\t<article class=\"post visible wrapper no-img post-3726 testimonio type-testimonio status-publish hentry description-off\">\n\n\t\t\t\t\t\t\t<div class=\"post-content-wrapper\">\n\t\t\t\t\t\t\t\t\t\t\t\t\t\t\t\t<div class=\"post-entry-content\">\n\t\t\t\t\t\t\t\t\t<h5 class=\"heading\"><a href=\"https:\/\/estudioinesmoreno.com.ar\/estudio\/testimonio\/desde-bariloche\/\" rel=\"bookmark\" title=\"Desde Bariloche\" class=\"post-title\">Desde Bariloche<\/a><\/h5><div class=\"entry-meta\"><\/div><p class=\"short-description\">GRACIAS INES!! SIEMPRE TE RECUERDO CON MUCHO CARI\u00d1O. FELICIDADES A VOS TAMBIEN. Mausi Brinnitzer &nbsp;<\/p><a href=\"https:\/\/estudioinesmoreno.com.ar\/estudio\/testimonio\/desde-bariloche\/\" target=\"\" aria-label=\"Read more about Desde Bariloche\" class=\"box-button elementor-button elementor-size-xs\">Leer M\u00e1s<i aria-hidden=\"true\" class=\"elementor-button-icon dt-icon-the7-arrow-552\"><\/i><\/a>\t\t\t\t\t\t\t\t<\/div>\n\t\t\t\t\t\t\t<\/div>\n\t\t\t\t\t\t<\/article>\n\t\t\t\t\t<\/div>\t\t\t\t\t\t\t\t\t\t<div class=\"wf-cell hidden \">\n\t\t\t\t\t\t<article class=\"post visible wrapper no-img post-3725 testimonio type-testimonio status-publish hentry description-off\">\n\n\t\t\t\t\t\t\t<div class=\"post-content-wrapper\">\n\t\t\t\t\t\t\t\t\t\t\t\t\t\t\t\t<div class=\"post-entry-content\">\n\t\t\t\t\t\t\t\t\t<h5 class=\"heading\"><a href=\"https:\/\/estudioinesmoreno.com.ar\/estudio\/testimonio\/desde-costa-rica\/\" rel=\"bookmark\" title=\"Desde Costa Rica\" class=\"post-title\">Desde Costa Rica<\/a><\/h5><div class=\"entry-meta\"><\/div><p class=\"short-description\">Hola In\u00e9s! Gracias por compartir el sugestivo brindis conmigo. Espero que el tiempo de Navidad te colme de bendiciones, en uni\u00f3n de tu familia y amigos. Un abrazo, con la admiraci\u00f3n de siempre Maru Jenkins &nbsp;<\/p><a href=\"https:\/\/estudioinesmoreno.com.ar\/estudio\/testimonio\/desde-costa-rica\/\" target=\"\" aria-label=\"Read more about Desde Costa Rica\" class=\"box-button elementor-button elementor-size-xs\">Leer M\u00e1s<i aria-hidden=\"true\" class=\"elementor-button-icon dt-icon-the7-arrow-552\"><\/i><\/a>\t\t\t\t\t\t\t\t<\/div>\n\t\t\t\t\t\t\t<\/div>\n\t\t\t\t\t\t<\/article>\n\t\t\t\t\t<\/div>\t\t\t\t\t\t\t\t\t\t<div class=\"wf-cell hidden \">\n\t\t\t\t\t\t<article class=\"post visible wrapper no-img post-3724 testimonio type-testimonio status-publish hentry description-off\">\n\n\t\t\t\t\t\t\t<div class=\"post-content-wrapper\">\n\t\t\t\t\t\t\t\t\t\t\t\t\t\t\t\t<div class=\"post-entry-content\">\n\t\t\t\t\t\t\t\t\t<h5 class=\"heading\"><a href=\"https:\/\/estudioinesmoreno.com.ar\/estudio\/testimonio\/patricia-ortega-desde-guayaquil-ecuador\/\" rel=\"bookmark\" title=\"Patricia Ortega &#8211; desde Guayaquil, Ecuador\" class=\"post-title\">Patricia Ortega &#8211; desde Guayaquil, Ecuador<\/a><\/h5><div class=\"entry-meta\"><\/div><p class=\"short-description\">Gracias In\u00e9s: T\u00fa mensaje es hermoso, gracias por compartir todos tus cursos, por ser tan motivadora y por amar tanto a los ni\u00f1os y a la educaci\u00f3n. Gracias por ese brindis. Mis deseos sinceros a\u00fan sin conocerte personalmente , que esta Navidad est\u00e9 llena de bendiciones y de esperanza y que el 2010 sea lleno&hellip;<\/p><a href=\"https:\/\/estudioinesmoreno.com.ar\/estudio\/testimonio\/patricia-ortega-desde-guayaquil-ecuador\/\" target=\"\" aria-label=\"Read more about Patricia Ortega &#8211; desde Guayaquil, Ecuador\" class=\"box-button elementor-button elementor-size-xs\">Leer M\u00e1s<i aria-hidden=\"true\" class=\"elementor-button-icon dt-icon-the7-arrow-552\"><\/i><\/a>\t\t\t\t\t\t\t\t<\/div>\n\t\t\t\t\t\t\t<\/div>\n\t\t\t\t\t\t<\/article>\n\t\t\t\t\t<\/div>\t\t\t\t\t\t\t\t\t\t<div class=\"wf-cell hidden \">\n\t\t\t\t\t\t<article class=\"post visible wrapper no-img post-3723 testimonio type-testimonio status-publish hentry description-off\">\n\n\t\t\t\t\t\t\t<div class=\"post-content-wrapper\">\n\t\t\t\t\t\t\t\t\t\t\t\t\t\t\t\t<div class=\"post-entry-content\">\n\t\t\t\t\t\t\t\t\t<h5 class=\"heading\"><a href=\"https:\/\/estudioinesmoreno.com.ar\/estudio\/testimonio\/desde-brasil\/\" rel=\"bookmark\" title=\"Desde Brasil\" class=\"post-title\">Desde Brasil<\/a><\/h5><div class=\"entry-meta\"><\/div><p class=\"short-description\">Querida In\u00e9s: Desejo-lhe um Santo Natal e que 2010 seja um ano de plena realiza\u00e7\u00e3o. In\u00e9s! Que incr\u00edvel coincid\u00eancia! Ainda nesta semana, enquanto arrumava meus livros, encontrei o seu, com uma bela dedicat\u00f3ria! Desejo a voc\u00ea e aos seus um ano novo com algum trabalho mas repleto de LAZER! Abra\u00e7os, Antonio Bramante &nbsp;<\/p><a href=\"https:\/\/estudioinesmoreno.com.ar\/estudio\/testimonio\/desde-brasil\/\" target=\"\" aria-label=\"Read more about Desde Brasil\" class=\"box-button elementor-button elementor-size-xs\">Leer M\u00e1s<i aria-hidden=\"true\" class=\"elementor-button-icon dt-icon-the7-arrow-552\"><\/i><\/a>\t\t\t\t\t\t\t\t<\/div>\n\t\t\t\t\t\t\t<\/div>\n\t\t\t\t\t\t<\/article>\n\t\t\t\t\t<\/div>\t\t\t\t\t\t\t\t\t\t<div class=\"wf-cell hidden \">\n\t\t\t\t\t\t<article class=\"post visible wrapper no-img post-6730 testimonio type-testimonio status-publish hentry description-off\">\n\n\t\t\t\t\t\t\t<div class=\"post-content-wrapper\">\n\t\t\t\t\t\t\t\t\t\t\t\t\t\t\t\t<div class=\"post-entry-content\">\n\t\t\t\t\t\t\t\t\t<h5 class=\"heading\"><a href=\"https:\/\/estudioinesmoreno.com.ar\/estudio\/testimonio\/alberto-punte-y-jorge-cordova-ex-alumnos\/\" rel=\"bookmark\" title=\"Alberto Punte y Jorge Cordova &#8211; Ex-Alumnos\" class=\"post-title\">Alberto Punte y Jorge Cordova &#8211; Ex-Alumnos<\/a><\/h5><div class=\"entry-meta\"><\/div><p class=\"short-description\">MUCHAS GRACIAS INES !!!! SIEMPRE NOS SENTIMOS COMUNICADOS CON TUS ENSE\u00d1ANZAS&#8230; DEJASTE HUELLAS EN NUESTRO APRENDIZAJE !!!&#8230;. DESDE EL CORAZ\u00d3N &#8230;&#8230; GRACIAS MAESTRA !!!! CON AMOR, UN BESO ENORME DE DOS DE TUS TANTOS ALUMNOS&#8230;. ALBERTO PUNTE Y JORGE CORDOVA &nbsp;<\/p><a href=\"https:\/\/estudioinesmoreno.com.ar\/estudio\/testimonio\/alberto-punte-y-jorge-cordova-ex-alumnos\/\" target=\"\" aria-label=\"Read more about Alberto Punte y Jorge Cordova &#8211; Ex-Alumnos\" class=\"box-button elementor-button elementor-size-xs\">Leer M\u00e1s<i aria-hidden=\"true\" class=\"elementor-button-icon dt-icon-the7-arrow-552\"><\/i><\/a>\t\t\t\t\t\t\t\t<\/div>\n\t\t\t\t\t\t\t<\/div>\n\t\t\t\t\t\t<\/article>\n\t\t\t\t\t<\/div>\t\t\t\t\t\t\t\t\t\t<div class=\"wf-cell hidden \">\n\t\t\t\t\t\t<article class=\"post visible wrapper no-img post-3721 testimonio type-testimonio status-publish hentry description-off\">\n\n\t\t\t\t\t\t\t<div class=\"post-content-wrapper\">\n\t\t\t\t\t\t\t\t\t\t\t\t\t\t\t\t<div class=\"post-entry-content\">\n\t\t\t\t\t\t\t\t\t<h5 class=\"heading\"><a href=\"https:\/\/estudioinesmoreno.com.ar\/estudio\/testimonio\/desde-vitoria-espana\/\" rel=\"bookmark\" title=\"Desde Vitoria &#8211; Espa\u00f1a\" class=\"post-title\">Desde Vitoria &#8211; Espa\u00f1a<\/a><\/h5><div class=\"entry-meta\"><\/div><p class=\"short-description\">Gracias por ese brindis y perm\u00edteme otro: Por t\u00ed Por tu capacidad de ver m\u00e1s all\u00e1 por todo lo que eres capaz de iluminar para que aprendamos por lo que ha supuesto conocerte en lo personal y en lo profesional porque seas muy feliz el a\u00f1o pr\u00f3ximo y todos los dem\u00e1s Un abrazo grande grande&hellip;<\/p><a href=\"https:\/\/estudioinesmoreno.com.ar\/estudio\/testimonio\/desde-vitoria-espana\/\" target=\"\" aria-label=\"Read more about Desde Vitoria &#8211; Espa\u00f1a\" class=\"box-button elementor-button elementor-size-xs\">Leer M\u00e1s<i aria-hidden=\"true\" class=\"elementor-button-icon dt-icon-the7-arrow-552\"><\/i><\/a>\t\t\t\t\t\t\t\t<\/div>\n\t\t\t\t\t\t\t<\/div>\n\t\t\t\t\t\t<\/article>\n\t\t\t\t\t<\/div>\t\t\t\t\t\t\t\t\t\t<div class=\"wf-cell hidden \">\n\t\t\t\t\t\t<article class=\"post visible wrapper no-img post-3718 testimonio type-testimonio status-publish hentry description-off\">\n\n\t\t\t\t\t\t\t<div class=\"post-content-wrapper\">\n\t\t\t\t\t\t\t\t\t\t\t\t\t\t\t\t<div class=\"post-entry-content\">\n\t\t\t\t\t\t\t\t\t<h5 class=\"heading\"><a href=\"https:\/\/estudioinesmoreno.com.ar\/estudio\/testimonio\/jorge-vivar\/\" rel=\"bookmark\" title=\"Jorge Vivar\" class=\"post-title\">Jorge Vivar<\/a><\/h5><div class=\"entry-meta\"><\/div><p class=\"short-description\">MUCHAS GRACIAS INES!!! Un fuerte abrazo de oso para vos y muy felices fiestas. Las tres cosas de Pessoa me cayeron como anillo al dedo. Jorge Vivar ahhhh&#8230;y lo subi a Facebook !!! &nbsp;<\/p><a href=\"https:\/\/estudioinesmoreno.com.ar\/estudio\/testimonio\/jorge-vivar\/\" target=\"\" aria-label=\"Read more about Jorge Vivar\" class=\"box-button elementor-button elementor-size-xs\">Leer M\u00e1s<i aria-hidden=\"true\" class=\"elementor-button-icon dt-icon-the7-arrow-552\"><\/i><\/a>\t\t\t\t\t\t\t\t<\/div>\n\t\t\t\t\t\t\t<\/div>\n\t\t\t\t\t\t<\/article>\n\t\t\t\t\t<\/div>\t\t\t\t\t\t\t\t\t\t<div class=\"wf-cell hidden \">\n\t\t\t\t\t\t<article class=\"post visible wrapper no-img post-3717 testimonio type-testimonio status-publish hentry description-off\">\n\n\t\t\t\t\t\t\t<div class=\"post-content-wrapper\">\n\t\t\t\t\t\t\t\t\t\t\t\t\t\t\t\t<div class=\"post-entry-content\">\n\t\t\t\t\t\t\t\t\t<h5 class=\"heading\"><a href=\"https:\/\/estudioinesmoreno.com.ar\/estudio\/testimonio\/tatiana-schneider\/\" rel=\"bookmark\" title=\"Tatiana Schneider\" class=\"post-title\">Tatiana Schneider<\/a><\/h5><div class=\"entry-meta\"><\/div><p class=\"short-description\">Estimada In\u00e9s Moreno\u2026. Muchas gracias por el brindis con la poes\u00eda que acompa\u00f1a el alma\u2026 y los avisos que recibo todo el a\u00f1o. Siempre espero que los cursos sean fruct\u00edferos para una persona que tanto pone, da, de su conocimiento. Alguna vez, si el tema es acorde con lo que alg\u00fan amigo busca, reenv\u00edo las&hellip;<\/p><a href=\"https:\/\/estudioinesmoreno.com.ar\/estudio\/testimonio\/tatiana-schneider\/\" target=\"\" aria-label=\"Read more about Tatiana Schneider\" class=\"box-button elementor-button elementor-size-xs\">Leer M\u00e1s<i aria-hidden=\"true\" class=\"elementor-button-icon dt-icon-the7-arrow-552\"><\/i><\/a>\t\t\t\t\t\t\t\t<\/div>\n\t\t\t\t\t\t\t<\/div>\n\t\t\t\t\t\t<\/article>\n\t\t\t\t\t<\/div>\t\t\t\t\t\t\t\t\t\t<div class=\"wf-cell hidden \">\n\t\t\t\t\t\t<article class=\"post visible wrapper no-img post-3716 testimonio type-testimonio status-publish hentry description-off\">\n\n\t\t\t\t\t\t\t<div class=\"post-content-wrapper\">\n\t\t\t\t\t\t\t\t\t\t\t\t\t\t\t\t<div class=\"post-entry-content\">\n\t\t\t\t\t\t\t\t\t<h5 class=\"heading\"><a href=\"https:\/\/estudioinesmoreno.com.ar\/estudio\/testimonio\/desde-tucuman\/\" rel=\"bookmark\" title=\"Desde Tucum\u00e1n\" class=\"post-title\">Desde Tucum\u00e1n<\/a><\/h5><div class=\"entry-meta\"><\/div><p class=\"short-description\">Querida y recordada In\u00e9s: Un choquecito de copas por un 2010 participando de todos tus deseos!!!!!. Desde Tucum\u00e1n, un abrazo fraterno. Mar\u00eda Laura Gonz\u00e1lez &nbsp;<\/p><a href=\"https:\/\/estudioinesmoreno.com.ar\/estudio\/testimonio\/desde-tucuman\/\" target=\"\" aria-label=\"Read more about Desde Tucum\u00e1n\" class=\"box-button elementor-button elementor-size-xs\">Leer M\u00e1s<i aria-hidden=\"true\" class=\"elementor-button-icon dt-icon-the7-arrow-552\"><\/i><\/a>\t\t\t\t\t\t\t\t<\/div>\n\t\t\t\t\t\t\t<\/div>\n\t\t\t\t\t\t<\/article>\n\t\t\t\t\t<\/div>\t\t\t\t\t\t\t\t\t\t<div class=\"wf-cell hidden \">\n\t\t\t\t\t\t<article class=\"post visible wrapper no-img post-3715 testimonio type-testimonio status-publish hentry description-off\">\n\n\t\t\t\t\t\t\t<div class=\"post-content-wrapper\">\n\t\t\t\t\t\t\t\t\t\t\t\t\t\t\t\t<div class=\"post-entry-content\">\n\t\t\t\t\t\t\t\t\t<h5 class=\"heading\"><a href=\"https:\/\/estudioinesmoreno.com.ar\/estudio\/testimonio\/marce-soiza\/\" rel=\"bookmark\" title=\"Marce Soiza\" class=\"post-title\">Marce Soiza<\/a><\/h5><div class=\"entry-meta\"><\/div><p class=\"short-description\">Querida In\u00e9s. La vida es un juego, no se si mis c\u00e9lulas lo aprendieron con vos, no se si lo tra\u00edan y con vos lo reafirmaron o recordaron, lo cierto es que cada a\u00f1o, visitar el estudio me reanima, me afirma, me estimula, me mueve a algo m\u00e1s. Dios pone en mi camino siempre a&hellip;<\/p><a href=\"https:\/\/estudioinesmoreno.com.ar\/estudio\/testimonio\/marce-soiza\/\" target=\"\" aria-label=\"Read more about Marce Soiza\" class=\"box-button elementor-button elementor-size-xs\">Leer M\u00e1s<i aria-hidden=\"true\" class=\"elementor-button-icon dt-icon-the7-arrow-552\"><\/i><\/a>\t\t\t\t\t\t\t\t<\/div>\n\t\t\t\t\t\t\t<\/div>\n\t\t\t\t\t\t<\/article>\n\t\t\t\t\t<\/div>\t\t\t\t\t\t\t\t\t\t<div class=\"wf-cell hidden \">\n\t\t\t\t\t\t<article class=\"post visible wrapper no-img post-3714 testimonio type-testimonio status-publish hentry description-off\">\n\n\t\t\t\t\t\t\t<div class=\"post-content-wrapper\">\n\t\t\t\t\t\t\t\t\t\t\t\t\t\t\t\t<div class=\"post-entry-content\">\n\t\t\t\t\t\t\t\t\t<h5 class=\"heading\"><a href=\"https:\/\/estudioinesmoreno.com.ar\/estudio\/testimonio\/desde-buenos-aires-3\/\" rel=\"bookmark\" title=\"Desde Buenos Aires\" class=\"post-title\">Desde Buenos Aires<\/a><\/h5><div class=\"entry-meta\"><\/div><p class=\"short-description\">Hermoso! Felicidades para vos tambi\u00e9n, maestra del juego en la vida. Mar\u00eda Angela Men\u00e9ndez &nbsp;<\/p><a href=\"https:\/\/estudioinesmoreno.com.ar\/estudio\/testimonio\/desde-buenos-aires-3\/\" target=\"\" aria-label=\"Read more about Desde Buenos Aires\" class=\"box-button elementor-button elementor-size-xs\">Leer M\u00e1s<i aria-hidden=\"true\" class=\"elementor-button-icon dt-icon-the7-arrow-552\"><\/i><\/a>\t\t\t\t\t\t\t\t<\/div>\n\t\t\t\t\t\t\t<\/div>\n\t\t\t\t\t\t<\/article>\n\t\t\t\t\t<\/div>\t\t\t\t\t\t\t\t\t\t<div class=\"wf-cell hidden \">\n\t\t\t\t\t\t<article class=\"post visible wrapper no-img post-3712 testimonio type-testimonio status-publish hentry description-off\">\n\n\t\t\t\t\t\t\t<div class=\"post-content-wrapper\">\n\t\t\t\t\t\t\t\t\t\t\t\t\t\t\t\t<div class=\"post-entry-content\">\n\t\t\t\t\t\t\t\t\t<h5 class=\"heading\"><a href=\"https:\/\/estudioinesmoreno.com.ar\/estudio\/testimonio\/desde-buenos-aires-2\/\" rel=\"bookmark\" title=\"Desde Buenos Aires\" class=\"post-title\">Desde Buenos Aires<\/a><\/h5><div class=\"entry-meta\"><\/div><p class=\"short-description\">Gracias por todo el perfeccionamiento que le dedican para que las personas interesadas puedan seguir creciendo tanto en lo personal como en lo profesional. Valeria Van Rijswijk &nbsp;<\/p><a href=\"https:\/\/estudioinesmoreno.com.ar\/estudio\/testimonio\/desde-buenos-aires-2\/\" target=\"\" aria-label=\"Read more about Desde Buenos Aires\" class=\"box-button elementor-button elementor-size-xs\">Leer M\u00e1s<i aria-hidden=\"true\" class=\"elementor-button-icon dt-icon-the7-arrow-552\"><\/i><\/a>\t\t\t\t\t\t\t\t<\/div>\n\t\t\t\t\t\t\t<\/div>\n\t\t\t\t\t\t<\/article>\n\t\t\t\t\t<\/div>\t\t\t\t\t\t\t\t\t\t<div class=\"wf-cell hidden \">\n\t\t\t\t\t\t<article class=\"post visible wrapper no-img post-3711 testimonio type-testimonio status-publish hentry description-off\">\n\n\t\t\t\t\t\t\t<div class=\"post-content-wrapper\">\n\t\t\t\t\t\t\t\t\t\t\t\t\t\t\t\t<div class=\"post-entry-content\">\n\t\t\t\t\t\t\t\t\t<h5 class=\"heading\"><a href=\"https:\/\/estudioinesmoreno.com.ar\/estudio\/testimonio\/desde-buenos-aires\/\" rel=\"bookmark\" title=\"Desde Buenos Aires\" class=\"post-title\">Desde Buenos Aires<\/a><\/h5><div class=\"entry-meta\"><\/div><p class=\"short-description\">Querida In\u00e9s que sigan tus \u00e9xitos, y tus buenas ense\u00f1anzas en el A\u00f1o Pr\u00f3ximo, besitos Nelly Fasce. &nbsp;<\/p><a href=\"https:\/\/estudioinesmoreno.com.ar\/estudio\/testimonio\/desde-buenos-aires\/\" target=\"\" aria-label=\"Read more about Desde Buenos Aires\" class=\"box-button elementor-button elementor-size-xs\">Leer M\u00e1s<i aria-hidden=\"true\" class=\"elementor-button-icon dt-icon-the7-arrow-552\"><\/i><\/a>\t\t\t\t\t\t\t\t<\/div>\n\t\t\t\t\t\t\t<\/div>\n\t\t\t\t\t\t<\/article>\n\t\t\t\t\t<\/div>\t\t\t\t\t\t\t\t\t\t<div class=\"wf-cell hidden \">\n\t\t\t\t\t\t<article class=\"post visible wrapper no-img post-3710 testimonio type-testimonio status-publish hentry description-off\">\n\n\t\t\t\t\t\t\t<div class=\"post-content-wrapper\">\n\t\t\t\t\t\t\t\t\t\t\t\t\t\t\t\t<div class=\"post-entry-content\">\n\t\t\t\t\t\t\t\t\t<h5 class=\"heading\"><a href=\"https:\/\/estudioinesmoreno.com.ar\/estudio\/testimonio\/desde-instituto-del-profesorado-de-educacion-fisica-romero-brest-argentina\/\" rel=\"bookmark\" title=\"Desde Instituto del Profesorado de Educaci\u00f3n F\u00edsica Romero Brest &#8211; Argentina\" class=\"post-title\">Desde Instituto del Profesorado de Educaci\u00f3n F\u00edsica Romero Brest &#8211; Argentina<\/a><\/h5><div class=\"entry-meta\"><\/div><p class=\"short-description\">Hola In\u00e9s, Quiero agradecerte tu participaci\u00f3n en las Jornadas, fue muy valioso para los estudiantes escuchar diferentes voces , generaste un muy buen clima, sent\u00ed que atrapaste al auditorio . Las repercusiones fueron muy buenas en general, no cabe duda que el \u00e9xito, se debi\u00f3 a la calidad de los conferencistas. Nuevamente In\u00e9s muchas gracias.&hellip;<\/p><a href=\"https:\/\/estudioinesmoreno.com.ar\/estudio\/testimonio\/desde-instituto-del-profesorado-de-educacion-fisica-romero-brest-argentina\/\" target=\"\" aria-label=\"Read more about Desde Instituto del Profesorado de Educaci\u00f3n F\u00edsica Romero Brest &#8211; Argentina\" class=\"box-button elementor-button elementor-size-xs\">Leer M\u00e1s<i aria-hidden=\"true\" class=\"elementor-button-icon dt-icon-the7-arrow-552\"><\/i><\/a>\t\t\t\t\t\t\t\t<\/div>\n\t\t\t\t\t\t\t<\/div>\n\t\t\t\t\t\t<\/article>\n\t\t\t\t\t<\/div>\t\t\t\t\t\t\t\t\t\t<div class=\"wf-cell hidden \">\n\t\t\t\t\t\t<article class=\"post visible wrapper no-img post-3709 testimonio type-testimonio status-publish hentry description-off\">\n\n\t\t\t\t\t\t\t<div class=\"post-content-wrapper\">\n\t\t\t\t\t\t\t\t\t\t\t\t\t\t\t\t<div class=\"post-entry-content\">\n\t\t\t\t\t\t\t\t\t<h5 class=\"heading\"><a href=\"https:\/\/estudioinesmoreno.com.ar\/estudio\/testimonio\/egresada-del-estudio-tecnico-en-conduccion-educativa\/\" rel=\"bookmark\" title=\"Egresada del Estudio (T\u00e9cnico en Conducci\u00f3n Educativa)\" class=\"post-title\">Egresada del Estudio (T\u00e9cnico en Conducci\u00f3n Educativa)<\/a><\/h5><div class=\"entry-meta\"><\/div><p class=\"short-description\">Querida In\u00e9s: Qu\u00e9 orgullo siento por haber sido tu alumna.Tus reflexiones sobre el dengue en relaci\u00f3n a la educaci\u00f3n son transferibles a la actual situaci\u00f3n con la influenza A H1N1. Salvando la diferencia de que comenz\u00f3 por los ni\u00f1os bien alimentados, cuidados y con atenci\u00f3n m\u00e9dica. Pero pone en evidencia la falta de sensibilidad, conciencia&hellip;<\/p><a href=\"https:\/\/estudioinesmoreno.com.ar\/estudio\/testimonio\/egresada-del-estudio-tecnico-en-conduccion-educativa\/\" target=\"\" aria-label=\"Read more about Egresada del Estudio (T\u00e9cnico en Conducci\u00f3n Educativa)\" class=\"box-button elementor-button elementor-size-xs\">Leer M\u00e1s<i aria-hidden=\"true\" class=\"elementor-button-icon dt-icon-the7-arrow-552\"><\/i><\/a>\t\t\t\t\t\t\t\t<\/div>\n\t\t\t\t\t\t\t<\/div>\n\t\t\t\t\t\t<\/article>\n\t\t\t\t\t<\/div>\t\t\t\t\t\t\t\t\t\t<div class=\"wf-cell hidden \">\n\t\t\t\t\t\t<article class=\"post visible wrapper no-img post-1188 testimonio type-testimonio status-publish hentry description-off\">\n\n\t\t\t\t\t\t\t<div class=\"post-content-wrapper\">\n\t\t\t\t\t\t\t\t\t\t\t\t\t\t\t\t<div class=\"post-entry-content\">\n\t\t\t\t\t\t\t\t\t<h5 class=\"heading\"><a href=\"https:\/\/estudioinesmoreno.com.ar\/estudio\/testimonio\/desde-esquel\/\" rel=\"bookmark\" title=\"Desde Esquel &#8211; Patagonia\" class=\"post-title\">Desde Esquel &#8211; Patagonia<\/a><\/h5><div class=\"entry-meta\"><\/div><p class=\"short-description\">EL ARTICULO PUBLICADO EN LA NACION NO LO HABIA LEIDO DADO QUE AQUI , LOS PERIODICOS DE CIRCULACION NACIONAL LLEGAN DESPUES DE LAS 18 HS , IMAGINENSE .- ADHIERO A LA IDEA DE PENSAR DE LA PROFESORA INES MORENO, QUE CRUDA REALIDAD COTIDIANA &#8230; OJALA QUE LA NECESIDAD DE EDUCARNOS Y DE SER AGENTES TRANSFORMADORES&hellip;<\/p><a href=\"https:\/\/estudioinesmoreno.com.ar\/estudio\/testimonio\/desde-esquel\/\" target=\"\" aria-label=\"Read more about Desde Esquel &#8211; Patagonia\" class=\"box-button elementor-button elementor-size-xs\">Leer M\u00e1s<i aria-hidden=\"true\" class=\"elementor-button-icon dt-icon-the7-arrow-552\"><\/i><\/a>\t\t\t\t\t\t\t\t<\/div>\n\t\t\t\t\t\t\t<\/div>\n\t\t\t\t\t\t<\/article>\n\t\t\t\t\t<\/div>\t\t\t\t\t\t\t\t\t\t<div class=\"wf-cell hidden \">\n\t\t\t\t\t\t<article class=\"post visible wrapper no-img post-1187 testimonio type-testimonio status-publish hentry description-off\">\n\n\t\t\t\t\t\t\t<div class=\"post-content-wrapper\">\n\t\t\t\t\t\t\t\t\t\t\t\t\t\t\t\t<div class=\"post-entry-content\">\n\t\t\t\t\t\t\t\t\t<h5 class=\"heading\"><a href=\"https:\/\/estudioinesmoreno.com.ar\/estudio\/testimonio\/desde-abril\/\" rel=\"bookmark\" title=\"Desde Brasil\" class=\"post-title\">Desde Brasil<\/a><\/h5><div class=\"entry-meta\"><\/div><p class=\"short-description\">Hola, amigos e amigas do Est\u00fadio In\u00eas Moreno!! Daqui de Florian\u00f3polis-SC, Brasil, tenho acompanhado seus maravilhosos movimentos l\u00fadicos! H\u00e1 alguns anos atr\u00e1s, participei de um curso com In\u00eas no Congresso Mundial de Lazer, realizado em S\u00e3o Paulo. Foi uma experi\u00eancia INESquec\u00edvel. Fa\u00e7o parte do PROJETO COOPERA\u00c7\u00c3O uma organiza\u00e7\u00e3o criada h\u00e1 17 anos para promover a&hellip;<\/p><a href=\"https:\/\/estudioinesmoreno.com.ar\/estudio\/testimonio\/desde-abril\/\" target=\"\" aria-label=\"Read more about Desde Brasil\" class=\"box-button elementor-button elementor-size-xs\">Leer M\u00e1s<i aria-hidden=\"true\" class=\"elementor-button-icon dt-icon-the7-arrow-552\"><\/i><\/a>\t\t\t\t\t\t\t\t<\/div>\n\t\t\t\t\t\t\t<\/div>\n\t\t\t\t\t\t<\/article>\n\t\t\t\t\t<\/div>\t\t\t\t\t\t\t\t\t\t<div class=\"wf-cell hidden \">\n\t\t\t\t\t\t<article class=\"post visible wrapper post-893 testimonio type-testimonio status-publish has-post-thumbnail hentry description-off\">\n\n\t\t\t\t\t\t\t<div class=\"post-content-wrapper\">\n\t\t\t\t\t\t\t\t\t\t\t\t\t\t\t\t<div class=\"post-entry-content\">\n\t\t\t\t\t\t\t\t\t<h5 class=\"heading\"><a href=\"https:\/\/estudioinesmoreno.com.ar\/estudio\/testimonio\/homos-ludicos\/\" rel=\"bookmark\" title=\"Homo L\u00fadicos &#8211; Costa Rica\" class=\"post-title\">Homo L\u00fadicos &#8211; Costa Rica<\/a><\/h5><div class=\"entry-meta\"><\/div><p class=\"short-description\">De verdad muchas gracias por contarme tantas cosas bonitas y motivadoras sobre lo que m\u00e1s amo hacer: JUGAR!!!! Oliver, desde Costa Rica Homo L\u00fadicos<\/p><a href=\"https:\/\/estudioinesmoreno.com.ar\/estudio\/testimonio\/homos-ludicos\/\" target=\"\" aria-label=\"Read more about Homo L\u00fadicos &#8211; Costa Rica\" class=\"box-button elementor-button elementor-size-xs\">Leer M\u00e1s<i aria-hidden=\"true\" class=\"elementor-button-icon dt-icon-the7-arrow-552\"><\/i><\/a>\t\t\t\t\t\t\t\t<\/div>\n\t\t\t\t\t\t\t<\/div>\n\t\t\t\t\t\t<\/article>\n\t\t\t\t\t<\/div>\t\t\t\t\t\t\t\t\t\t<div class=\"wf-cell hidden \">\n\t\t\t\t\t\t<article class=\"post visible wrapper post-892 testimonio type-testimonio status-publish has-post-thumbnail hentry description-off\">\n\n\t\t\t\t\t\t\t<div class=\"post-content-wrapper\">\n\t\t\t\t\t\t\t\t\t\t\t\t\t\t\t\t<div class=\"post-entry-content\">\n\t\t\t\t\t\t\t\t\t<h5 class=\"heading\"><a href=\"https:\/\/estudioinesmoreno.com.ar\/estudio\/testimonio\/universidad-costa-rica\/\" rel=\"bookmark\" title=\"Universidad de Costa Rica\" class=\"post-title\">Universidad de Costa Rica<\/a><\/h5><div class=\"entry-meta\"><\/div><p class=\"short-description\">Saludos desde Costa Rica y desde la Escuela de Educaci\u00f3n F\u00edsica y Deportes de la Universidad de Costa Rica desde Costa Rica y desde la escuela de Educaci\u00f3n F\u00edsica y Deportes de la Universidad de Costa Rica. Sigo atentamente toda la informaci\u00f3n que env\u00edan y les felicito por promover de diferentes formas el estudio de&hellip;<\/p><a href=\"https:\/\/estudioinesmoreno.com.ar\/estudio\/testimonio\/universidad-costa-rica\/\" target=\"\" aria-label=\"Read more about Universidad de Costa Rica\" class=\"box-button elementor-button elementor-size-xs\">Leer M\u00e1s<i aria-hidden=\"true\" class=\"elementor-button-icon dt-icon-the7-arrow-552\"><\/i><\/a>\t\t\t\t\t\t\t\t<\/div>\n\t\t\t\t\t\t\t<\/div>\n\t\t\t\t\t\t<\/article>\n\t\t\t\t\t<\/div>\t\t\t\t\t\t\t\t\t\t<div class=\"wf-cell hidden \">\n\t\t\t\t\t\t<article class=\"post visible wrapper post-834 testimonio type-testimonio status-publish has-post-thumbnail hentry description-off\">\n\n\t\t\t\t\t\t\t<div class=\"post-content-wrapper\">\n\t\t\t\t\t\t\t\t\t\t\t\t\t\t\t\t<div class=\"post-entry-content\">\n\t\t\t\t\t\t\t\t\t<h5 class=\"heading\"><a href=\"https:\/\/estudioinesmoreno.com.ar\/estudio\/testimonio\/rincon-maestro\/\" rel=\"bookmark\" title=\"El Rinc\u00f3n del Maestro &#8211; Espa\u00f1a\" class=\"post-title\">El Rinc\u00f3n del Maestro &#8211; Espa\u00f1a<\/a><\/h5><div class=\"entry-meta\"><\/div><p class=\"short-description\">Me parece muy interesante el taller de Barcelona. Si vuelves a repetir este taller en M\u00e1laga o Granada durante otra fecha, asistir\u00e9 encantada. Saludos. Ver\u00f3nica. El rinc\u00f3n del maestro, Espa\u00f1a<\/p><a href=\"https:\/\/estudioinesmoreno.com.ar\/estudio\/testimonio\/rincon-maestro\/\" target=\"\" aria-label=\"Read more about El Rinc\u00f3n del Maestro &#8211; Espa\u00f1a\" class=\"box-button elementor-button elementor-size-xs\">Leer M\u00e1s<i aria-hidden=\"true\" class=\"elementor-button-icon dt-icon-the7-arrow-552\"><\/i><\/a>\t\t\t\t\t\t\t\t<\/div>\n\t\t\t\t\t\t\t<\/div>\n\t\t\t\t\t\t<\/article>\n\t\t\t\t\t<\/div>\t\t\t\t\t\t\t\t\t\t<div class=\"wf-cell hidden \">\n\t\t\t\t\t\t<article class=\"post visible wrapper post-838 testimonio type-testimonio status-publish has-post-thumbnail hentry description-off\">\n\n\t\t\t\t\t\t\t<div class=\"post-content-wrapper\">\n\t\t\t\t\t\t\t\t\t\t\t\t\t\t\t\t<div class=\"post-entry-content\">\n\t\t\t\t\t\t\t\t\t<h5 class=\"heading\"><a href=\"https:\/\/estudioinesmoreno.com.ar\/estudio\/testimonio\/desde-barcelona\/\" rel=\"bookmark\" title=\"Desde Barcelona\" class=\"post-title\">Desde Barcelona<\/a><\/h5><div class=\"entry-meta\"><\/div><p class=\"short-description\">Querida In\u00e9s, Estuve presente en el primer forum ludens del a\u00f1o pasado y disfrut\u00e9 mucho de tu presentaci\u00f3n. Me encantar\u00eda asistir a tu jornada en Barcelona, Recibe un cordial saludo, Sonsoles Jim\u00e9nez. Petit Explorador<\/p><a href=\"https:\/\/estudioinesmoreno.com.ar\/estudio\/testimonio\/desde-barcelona\/\" target=\"\" aria-label=\"Read more about Desde Barcelona\" class=\"box-button elementor-button elementor-size-xs\">Leer M\u00e1s<i aria-hidden=\"true\" class=\"elementor-button-icon dt-icon-the7-arrow-552\"><\/i><\/a>\t\t\t\t\t\t\t\t<\/div>\n\t\t\t\t\t\t\t<\/div>\n\t\t\t\t\t\t<\/article>\n\t\t\t\t\t<\/div>\t\t\t\t\t\t\t\t\t\t<div class=\"wf-cell hidden \">\n\t\t\t\t\t\t<article class=\"post visible wrapper post-839 testimonio type-testimonio status-publish has-post-thumbnail hentry description-off\">\n\n\t\t\t\t\t\t\t<div class=\"post-content-wrapper\">\n\t\t\t\t\t\t\t\t\t\t\t\t\t\t\t\t<div class=\"post-entry-content\">\n\t\t\t\t\t\t\t\t\t<h5 class=\"heading\"><a href=\"https:\/\/estudioinesmoreno.com.ar\/estudio\/testimonio\/modesto-vitoria\/\" rel=\"bookmark\" title=\"Modesto desde Vitoria &#8211; Espa\u00f1a\" class=\"post-title\">Modesto desde Vitoria &#8211; Espa\u00f1a<\/a><\/h5><div class=\"entry-meta\"><\/div><p class=\"short-description\">Hola In\u00e9s: Sigo d\u00e1ndote las gracias por tu curso y por lo que pudimos charlar entre MariJose, T\u00fa y yo. No me canso: gracias mil. Bueno In\u00e9s, un abrazo enorme y seguiremos cont\u00e1ndote nuestras andanzas, aventuras y desventuras. Sabes que has dejado dos amigos ac\u00e1 y que, \u00f3jala las circustancias nos lo permitan, te visitaremos&hellip;<\/p><a href=\"https:\/\/estudioinesmoreno.com.ar\/estudio\/testimonio\/modesto-vitoria\/\" target=\"\" aria-label=\"Read more about Modesto desde Vitoria &#8211; Espa\u00f1a\" class=\"box-button elementor-button elementor-size-xs\">Leer M\u00e1s<i aria-hidden=\"true\" class=\"elementor-button-icon dt-icon-the7-arrow-552\"><\/i><\/a>\t\t\t\t\t\t\t\t<\/div>\n\t\t\t\t\t\t\t<\/div>\n\t\t\t\t\t\t<\/article>\n\t\t\t\t\t<\/div>\t\t\t\t\t\t\t\t\t\t<div class=\"wf-cell hidden \">\n\t\t\t\t\t\t<article class=\"post visible wrapper post-656 testimonio type-testimonio status-publish has-post-thumbnail hentry description-off\">\n\n\t\t\t\t\t\t\t<div class=\"post-content-wrapper\">\n\t\t\t\t\t\t\t\t\t\t\t\t\t\t\t\t<div class=\"post-entry-content\">\n\t\t\t\t\t\t\t\t\t<h5 class=\"heading\"><a href=\"https:\/\/estudioinesmoreno.com.ar\/estudio\/testimonio\/scarlett-doe\/\" rel=\"bookmark\" title=\"Alumna de Creatividad\" class=\"post-title\">Alumna de Creatividad<\/a><\/h5><div class=\"entry-meta\"><\/div><p class=\"short-description\">Hola! Quiero agradecer enormemente a los docentes del Estudio que brindan todo su conocimiento de forma tan generosa y profesional!! Muchas gracias nuevamente! Besos. Carina Gomez<\/p><a href=\"https:\/\/estudioinesmoreno.com.ar\/estudio\/testimonio\/scarlett-doe\/\" target=\"\" aria-label=\"Read more about Alumna de Creatividad\" class=\"box-button elementor-button elementor-size-xs\">Leer M\u00e1s<i aria-hidden=\"true\" class=\"elementor-button-icon dt-icon-the7-arrow-552\"><\/i><\/a>\t\t\t\t\t\t\t\t<\/div>\n\t\t\t\t\t\t\t<\/div>\n\t\t\t\t\t\t<\/article>\n\t\t\t\t\t<\/div>\t\t\t\t\t\t\t\t\t\t<div class=\"wf-cell hidden \">\n\t\t\t\t\t\t<article class=\"post visible wrapper post-654 testimonio type-testimonio status-publish has-post-thumbnail hentry description-off\">\n\n\t\t\t\t\t\t\t<div class=\"post-content-wrapper\">\n\t\t\t\t\t\t\t\t\t\t\t\t\t\t\t\t<div class=\"post-entry-content\">\n\t\t\t\t\t\t\t\t\t<h5 class=\"heading\"><a href=\"https:\/\/estudioinesmoreno.com.ar\/estudio\/testimonio\/egresada-estudio\/\" rel=\"bookmark\" title=\"Egresada del Estudio (T\u00e9cnico en Juego y Creatividad)\" class=\"post-title\">Egresada del Estudio (T\u00e9cnico en Juego y Creatividad)<\/a><\/h5><div class=\"entry-meta\"><\/div><p class=\"short-description\">Querida In\u00e9s : Leo los \u00abNotiestudio\u00bb que me llegan cada tanto y me alegro por el camino realizado por el EIM. El otro d\u00eda se me ocurri\u00f3 pensar que el a\u00f1o que viene cumplo 10 a\u00f1os desde que me recib\u00ed de T\u00e9cnico Superior en Juego y Creatividad (fue en el 2000) y descubro con mucha&hellip;<\/p><a href=\"https:\/\/estudioinesmoreno.com.ar\/estudio\/testimonio\/egresada-estudio\/\" target=\"\" aria-label=\"Read more about Egresada del Estudio (T\u00e9cnico en Juego y Creatividad)\" class=\"box-button elementor-button elementor-size-xs\">Leer M\u00e1s<i aria-hidden=\"true\" class=\"elementor-button-icon dt-icon-the7-arrow-552\"><\/i><\/a>\t\t\t\t\t\t\t\t<\/div>\n\t\t\t\t\t\t\t<\/div>\n\t\t\t\t\t\t<\/article>\n\t\t\t\t\t<\/div>\t\t\t\t\t\t\t\t\t\t<div class=\"wf-cell hidden \">\n\t\t\t\t\t\t<article class=\"post visible wrapper post-653 testimonio type-testimonio status-publish has-post-thumbnail hentry description-off\">\n\n\t\t\t\t\t\t\t<div class=\"post-content-wrapper\">\n\t\t\t\t\t\t\t\t\t\t\t\t\t\t\t\t<div class=\"post-entry-content\">\n\t\t\t\t\t\t\t\t\t<h5 class=\"heading\"><a href=\"https:\/\/estudioinesmoreno.com.ar\/estudio\/testimonio\/ludored-tenerife\/\" rel=\"bookmark\" title=\"Programa Ludored-Tenerife\" class=\"post-title\">Programa Ludored-Tenerife<\/a><\/h5><div class=\"entry-meta\"><\/div><p class=\"short-description\">Cambiamos de tercio, hace d\u00edas que tengo la necesidad de hacerte llegar mis sinceras FELICITACIONES, desde que Vane lleg\u00f3 es raro el d\u00eda en que no te recuerdo y agradezco tu existencias y que te hayamos conocido y que te dediques a lo que te dedicas y que estando tan lejos seas capaz de hacernos&hellip;<\/p><a href=\"https:\/\/estudioinesmoreno.com.ar\/estudio\/testimonio\/ludored-tenerife\/\" target=\"\" aria-label=\"Read more about Programa Ludored-Tenerife\" class=\"box-button elementor-button elementor-size-xs\">Leer M\u00e1s<i aria-hidden=\"true\" class=\"elementor-button-icon dt-icon-the7-arrow-552\"><\/i><\/a>\t\t\t\t\t\t\t\t<\/div>\n\t\t\t\t\t\t\t<\/div>\n\t\t\t\t\t\t<\/article>\n\t\t\t\t\t<\/div>\t\t\t\t\t\t\t\t\t\t<div class=\"wf-cell hidden \">\n\t\t\t\t\t\t<article class=\"post visible wrapper post-186 testimonio type-testimonio status-publish has-post-thumbnail hentry description-off\">\n\n\t\t\t\t\t\t\t<div class=\"post-content-wrapper\">\n\t\t\t\t\t\t\t\t\t\t\t\t\t\t\t\t<div class=\"post-entry-content\">\n\t\t\t\t\t\t\t\t\t<h5 class=\"heading\"><a href=\"https:\/\/estudioinesmoreno.com.ar\/estudio\/testimonio\/fundacion-folge\/\" rel=\"bookmark\" title=\"Fundaci\u00f3n Folge\" class=\"post-title\">Fundaci\u00f3n Folge<\/a><\/h5><div class=\"entry-meta\"><\/div><p class=\"short-description\">Querida In\u00e9s, Me encant\u00f3 la capacitaci\u00f3n de hoy!! No se equivocan quienes te recomiendan. Si bien te anticip\u00e9 algo al finalizar el encuentro, no quer\u00eda dejar de comentarte que todo el grupo se fue muy contento. Una capa nom\u00e1s!!!! Me asust\u00e9 al principio, debo reconocerlo, y sin embargo, la metodolog\u00eda me result\u00f3 fascinante y el&hellip;<\/p><a href=\"https:\/\/estudioinesmoreno.com.ar\/estudio\/testimonio\/fundacion-folge\/\" target=\"\" aria-label=\"Read more about Fundaci\u00f3n Folge\" class=\"box-button elementor-button elementor-size-xs\">Leer M\u00e1s<i aria-hidden=\"true\" class=\"elementor-button-icon dt-icon-the7-arrow-552\"><\/i><\/a>\t\t\t\t\t\t\t\t<\/div>\n\t\t\t\t\t\t\t<\/div>\n\t\t\t\t\t\t<\/article>\n\t\t\t\t\t<\/div>\t\t\t\t\t\t\t\t\t\t<div class=\"wf-cell hidden \">\n\t\t\t\t\t\t<article class=\"post visible wrapper post-185 testimonio type-testimonio status-publish has-post-thumbnail hentry description-off\">\n\n\t\t\t\t\t\t\t<div class=\"post-content-wrapper\">\n\t\t\t\t\t\t\t\t\t\t\t\t\t\t\t\t<div class=\"post-entry-content\">\n\t\t\t\t\t\t\t\t\t<h5 class=\"heading\"><a href=\"https:\/\/estudioinesmoreno.com.ar\/estudio\/testimonio\/lola-madrid\/\" rel=\"bookmark\" title=\"Lola Tamayo desde Madrid\" class=\"post-title\">Lola Tamayo desde Madrid<\/a><\/h5><div class=\"entry-meta\"><\/div><p class=\"short-description\">Querida In\u00e9s, Me he puesto a organizar una posible actividad formativa con los Ayuntamientos de la Red de municipios a favor de los Derechos de la Infancia y la Adolescencia, plataforma que aglutina a los municipios de Espa\u00f1a que trabaja con ni\u00f1os y ni\u00f1as. Creo que tu participaci\u00f3n merece un foro amplio, m\u00e1s all\u00e1 de&hellip;<\/p><a href=\"https:\/\/estudioinesmoreno.com.ar\/estudio\/testimonio\/lola-madrid\/\" target=\"\" aria-label=\"Read more about Lola Tamayo desde Madrid\" class=\"box-button elementor-button elementor-size-xs\">Leer M\u00e1s<i aria-hidden=\"true\" class=\"elementor-button-icon dt-icon-the7-arrow-552\"><\/i><\/a>\t\t\t\t\t\t\t\t<\/div>\n\t\t\t\t\t\t\t<\/div>\n\t\t\t\t\t\t<\/article>\n\t\t\t\t\t<\/div>\t\t\t\t\t\t\t\t\t\t<div class=\"wf-cell hidden \">\n\t\t\t\t\t\t<article class=\"post visible wrapper post-184 testimonio type-testimonio status-publish has-post-thumbnail hentry description-off\">\n\n\t\t\t\t\t\t\t<div class=\"post-content-wrapper\">\n\t\t\t\t\t\t\t\t\t\t\t\t\t\t\t\t<div class=\"post-entry-content\">\n\t\t\t\t\t\t\t\t\t<h5 class=\"heading\"><a href=\"https:\/\/estudioinesmoreno.com.ar\/estudio\/testimonio\/vanessa-tenerife\/\" rel=\"bookmark\" title=\"Vanessa Zamora desde Tenerife\" class=\"post-title\">Vanessa Zamora desde Tenerife<\/a><\/h5><div class=\"entry-meta\"><\/div><p class=\"short-description\">Hola In\u00e9s!!!! Desde el mi\u00e9rcoles pasado he tenido muchas ganas de escribirte para comentarte algunos avances que estoy haciendo despu\u00e9s de tanto aprendizaje en Buenos Aires; creo que en la empresa hemos dado un paso adelante en nuestra forma de trabajar. Yo les cont\u00e9 de tu metodolog\u00eda y de los buenos resultados; de algunas ideas&hellip;<\/p><a href=\"https:\/\/estudioinesmoreno.com.ar\/estudio\/testimonio\/vanessa-tenerife\/\" target=\"\" aria-label=\"Read more about Vanessa Zamora desde Tenerife\" class=\"box-button elementor-button elementor-size-xs\">Leer M\u00e1s<i aria-hidden=\"true\" class=\"elementor-button-icon dt-icon-the7-arrow-552\"><\/i><\/a>\t\t\t\t\t\t\t\t<\/div>\n\t\t\t\t\t\t\t<\/div>\n\t\t\t\t\t\t<\/article>\n\t\t\t\t\t<\/div>\t\t\t\t\t\t\t\t\t\t<div class=\"wf-cell hidden \">\n\t\t\t\t\t\t<article class=\"post visible wrapper post-183 testimonio type-testimonio status-publish has-post-thumbnail hentry description-off\">\n\n\t\t\t\t\t\t\t<div class=\"post-content-wrapper\">\n\t\t\t\t\t\t\t\t\t\t\t\t\t\t\t\t<div class=\"post-entry-content\">\n\t\t\t\t\t\t\t\t\t<h5 class=\"heading\"><a href=\"https:\/\/estudioinesmoreno.com.ar\/estudio\/testimonio\/universidad-deusto\/\" rel=\"bookmark\" title=\"Universidad de Deusto\" class=\"post-title\">Universidad de Deusto<\/a><\/h5><div class=\"entry-meta\"><\/div><p class=\"short-description\">Querida In\u00e9s: Me alegra saber que vuelves pronto por aqu\u00ed, eso da constancia de tu \u00e9xito en tu \u00faltimo viaje. Un fuerte abrazo de todos y, especial, de Marisa y m\u00edo Manuel Cuenca Director de Posgrado Universidad de Deusto Bilba-Espa\u00f1a<\/p><a href=\"https:\/\/estudioinesmoreno.com.ar\/estudio\/testimonio\/universidad-deusto\/\" target=\"\" aria-label=\"Read more about Universidad de Deusto\" class=\"box-button elementor-button elementor-size-xs\">Leer M\u00e1s<i aria-hidden=\"true\" class=\"elementor-button-icon dt-icon-the7-arrow-552\"><\/i><\/a>\t\t\t\t\t\t\t\t<\/div>\n\t\t\t\t\t\t\t<\/div>\n\t\t\t\t\t\t<\/article>\n\t\t\t\t\t<\/div>\t\t\t\t\t\t\t\t\t\t<div class=\"wf-cell hidden \">\n\t\t\t\t\t\t<article class=\"post visible wrapper post-182 testimonio type-testimonio status-publish has-post-thumbnail hentry description-off\">\n\n\t\t\t\t\t\t\t<div class=\"post-content-wrapper\">\n\t\t\t\t\t\t\t\t\t\t\t\t\t\t\t\t<div class=\"post-entry-content\">\n\t\t\t\t\t\t\t\t\t<h5 class=\"heading\"><a href=\"https:\/\/estudioinesmoreno.com.ar\/estudio\/testimonio\/pancho-tenerife\/\" rel=\"bookmark\" title=\"Pancho desde Tenerife\" class=\"post-title\">Pancho desde Tenerife<\/a><\/h5><div class=\"entry-meta\"><\/div><p class=\"short-description\">A la atenci\u00f3n de In\u00e9s Moreno. D: Pancho. Animaci\u00f3n Plif Plaf Tenerife. Recibe un cordial saludo desde Tenerife de todos y todas los miembros de Animaci\u00f3n Plif Plaf. Ya Vanesa Zamora est\u00e1 de vuelta y nos comenta maravillas de su estancia de trabajo en Buenos Aires cargada de trabajo y crecimiento personal y profesional. Tenemos&hellip;<\/p><a href=\"https:\/\/estudioinesmoreno.com.ar\/estudio\/testimonio\/pancho-tenerife\/\" target=\"\" aria-label=\"Read more about Pancho desde Tenerife\" class=\"box-button elementor-button elementor-size-xs\">Leer M\u00e1s<i aria-hidden=\"true\" class=\"elementor-button-icon dt-icon-the7-arrow-552\"><\/i><\/a>\t\t\t\t\t\t\t\t<\/div>\n\t\t\t\t\t\t\t<\/div>\n\t\t\t\t\t\t<\/article>\n\t\t\t\t\t<\/div>\t\t\t\t\t\t\t\t\t\t<div class=\"wf-cell hidden \">\n\t\t\t\t\t\t<article class=\"post visible wrapper post-171 testimonio type-testimonio status-publish has-post-thumbnail hentry description-off\">\n\n\t\t\t\t\t\t\t<div class=\"post-content-wrapper\">\n\t\t\t\t\t\t\t\t\t\t\t\t\t\t\t\t<div class=\"post-entry-content\">\n\t\t\t\t\t\t\t\t\t<h5 class=\"heading\"><a href=\"https:\/\/estudioinesmoreno.com.ar\/estudio\/testimonio\/nora-cordoba\/\" rel=\"bookmark\" title=\"Nora desde C\u00f3rdoba\" class=\"post-title\">Nora desde C\u00f3rdoba<\/a><\/h5><div class=\"entry-meta\"><\/div><p class=\"short-description\">Un abrazo muy grande, In\u00e9s !! Logros y mucho amor en el 2010 !!! Nora Dominguez &#8211; C\u00f3rdoba &#8211; Argentina<\/p><a href=\"https:\/\/estudioinesmoreno.com.ar\/estudio\/testimonio\/nora-cordoba\/\" target=\"\" aria-label=\"Read more about Nora desde C\u00f3rdoba\" class=\"box-button elementor-button elementor-size-xs\">Leer M\u00e1s<i aria-hidden=\"true\" class=\"elementor-button-icon dt-icon-the7-arrow-552\"><\/i><\/a>\t\t\t\t\t\t\t\t<\/div>\n\t\t\t\t\t\t\t<\/div>\n\t\t\t\t\t\t<\/article>\n\t\t\t\t\t<\/div>\t\t\t\t\t\t\t\t<\/div>\n\t\t<div class=\"paginator filter-decorations paginator-more-button filter-pointer-underline\">\n\t\t\t\t<a class=\"button-load-more highlighted filter-item\" href=\"javascript:void(0);\" data-dt-page=\"1\" ><i aria-hidden=\"true\" class=\"fas fa-arrow-circle-down\"><\/i><span class=\"button-caption\">Cargar m\u00e1s<\/span><\/a>\n\t\t\t<\/div><\/div>\t\t\t\t<\/div>\n\t\t\t\t<\/div>\n\t\t\t\t\t<\/div>\n\t\t<\/div>\n\t\t\t\t\t<\/div>\n\t\t<\/section>\n\t\t\t\t<\/div>\n\t\t","protected":false},"excerpt":{"rendered":"<p>Patricia Cura desde Rosario de la Frontera &#8211; Salta Carta dirigida a la Prof. In\u00e9s Moreno y Prof. Tamara Moreno desde Salta: Hola Ines! Hola Tamy!Feliz 2017! Qu\u00e9 sea un a\u00f1o lleno de oportunidades para disfrutar de estos 40 a\u00f1os intensos del Estudio que no son m\u00e1s que el reflejo de sus propias vidas y&hellip;<\/p>\n","protected":false},"author":1,"featured_media":0,"parent":0,"menu_order":0,"comment_status":"closed","ping_status":"closed","template":"","meta":{"_joinchat":[],"footnotes":""},"class_list":["post-3642","page","type-page","status-publish","hentry","description-off"],"_links":{"self":[{"href":"https:\/\/estudioinesmoreno.com.ar\/estudio\/wp-json\/wp\/v2\/pages\/3642","targetHints":{"allow":["GET"]}}],"collection":[{"href":"https:\/\/estudioinesmoreno.com.ar\/estudio\/wp-json\/wp\/v2\/pages"}],"about":[{"href":"https:\/\/estudioinesmoreno.com.ar\/estudio\/wp-json\/wp\/v2\/types\/page"}],"author":[{"embeddable":true,"href":"https:\/\/estudioinesmoreno.com.ar\/estudio\/wp-json\/wp\/v2\/users\/1"}],"replies":[{"embeddable":true,"href":"https:\/\/estudioinesmoreno.com.ar\/estudio\/wp-json\/wp\/v2\/comments?post=3642"}],"version-history":[{"count":21,"href":"https:\/\/estudioinesmoreno.com.ar\/estudio\/wp-json\/wp\/v2\/pages\/3642\/revisions"}],"predecessor-version":[{"id":6727,"href":"https:\/\/estudioinesmoreno.com.ar\/estudio\/wp-json\/wp\/v2\/pages\/3642\/revisions\/6727"}],"wp:attachment":[{"href":"https:\/\/estudioinesmoreno.com.ar\/estudio\/wp-json\/wp\/v2\/media?parent=3642"}],"curies":[{"name":"wp","href":"https:\/\/api.w.org\/{rel}","templated":true}]}}