{"id":3083,"date":"2016-03-31T20:46:27","date_gmt":"2016-03-31T20:46:27","guid":{"rendered":"http:\/\/www.inesmoreno.com.ar\/estudio\/?page_id=2991"},"modified":"2023-12-05T18:50:43","modified_gmt":"2023-12-05T21:50:43","slug":"armado-y-conduccion-de-proyectos","status":"publish","type":"page","link":"https:\/\/estudioinesmoreno.com.ar\/estudio\/cursos\/armado-y-conduccion-de-proyectos\/","title":{"rendered":"Armado y Conducci\u00f3n de Proyectos"},"content":{"rendered":"\t\t<div data-elementor-type=\"wp-page\" data-elementor-id=\"3083\" class=\"elementor elementor-3083\" data-elementor-post-type=\"page\">\n\t\t\t\t\t\t<section class=\"elementor-section elementor-top-section elementor-element elementor-element-6ea83123 elementor-section-content-middle elementor-section-stretched elementor-section-boxed elementor-section-height-default elementor-section-height-default\" data-id=\"6ea83123\" data-element_type=\"section\" data-e-type=\"section\" data-settings=\"{&quot;stretch_section&quot;:&quot;section-stretched&quot;}\">\n\t\t\t\t\t\t<div class=\"elementor-container elementor-column-gap-wider\">\n\t\t\t\t\t<div class=\"elementor-column elementor-col-100 elementor-top-column elementor-element elementor-element-57a7ac40\" data-id=\"57a7ac40\" data-element_type=\"column\" data-e-type=\"column\">\n\t\t\t<div class=\"elementor-widget-wrap elementor-element-populated\">\n\t\t\t\t\t\t<div class=\"elementor-element elementor-element-36e5afec elementor-widget elementor-widget-text-editor\" data-id=\"36e5afec\" data-element_type=\"widget\" data-e-type=\"widget\" data-widget_type=\"text-editor.default\">\n\t\t\t\t<div class=\"elementor-widget-container\">\n\t\t\t\t\t\t\t\t\t<p>Curso Anual destinado a quienes desean transformar las buenas ideas e intenciones en concreciones tangibles.&nbsp;Brinda todos los procedimientos necesarios para elaborar, ejecutar, sostener y evaluar proyectos individuales y organizacionales gestionando las variables que intervienen para lograr el &nbsp;\u00e9xito- fracaso de los mismos.&nbsp;El abordaje de cada contenido se realiza a trav\u00e9s de t\u00e9cnicas no convencionales y l\u00fadicas para permitir un aprendizaje significativo, capaz de ser transferido en forma inmediata al contexto cotidiano de cada participante.<\/p>\n<h4>Se buscar\u00e1 que los perticipantes logren:<\/h4>\n<ol type=\"a\">\n<li>Comprender y aplicar los componentes del proceso de planeamiento, ejecuci\u00f3n y evaluaci\u00f3n de proyectos.<\/li>\n<li>Analizar estrategias y t\u00e1cticas que obstaculizan o facilitan el \u00e9xito de un proyecto.<\/li>\n<li>Reconocer las caracter\u00edsticas y encuadre ideol\u00f3gico que subyace en los proyectos \u00abpara\u00bb y los proyectos \u00abcon\u00bb.<\/li>\n<li>Comprender y analizar el papel del factor humano en el desarrollo y culminaci\u00f3n de un proyecto.<\/li>\n<li>Identificar los efectos, las aptitudes y las actitudes del conductor del proyecto en cada etapa del mismo.<\/li>\n<li>Entrenar diversas t\u00e9cnicas e instrumentos para aplicar en cada una delas etapas de un proyecto.<\/li>\n<li>Percibir y analizar conductas individuales y grupales que intervienen en el armado y conducci\u00f3n de un proyecto.<\/li>\n<li>Transferir las vivencias, reflexiones, an\u00e1lisis y elaboraciones a la tarea cotidiana.<\/li>\n<\/ol>\n<h4>Contenidos: TRABAJO EN 5 EJES.<\/h4>\n<p>UNIDAD 1: <strong><u>El \u00e9xito o fracaso de un proyecto<\/u><\/strong>. LA ORGANIZACI\u00d3N<\/p>\n<p><span style=\"color: var(--the7-base-color); font-family: ; font-size: ; font-style: ; font-variant-ligatures: ; font-variant-caps: ; font-weight: ; letter-spacing: var(--the7-base-letter-spacing); text-decoration-line: ; text-transform: var(--the7-base-text-transform); word-spacing: normal; background-color: rgba(255, 255, 255, 0);\">UNIDAD 2: <\/span><strong style=\"color: var(--the7-base-color); font-family: ; font-size: ; font-style: ; font-variant-ligatures: ; font-variant-caps: ; letter-spacing: var(--the7-base-letter-spacing); text-decoration-line: ; text-transform: var(--the7-base-text-transform); word-spacing: normal; background-color: rgba(255, 255, 255, 0);\"><u>Los Recursos<\/u><\/strong><span style=\"color: var(--the7-base-color); font-family: ; font-size: ; font-style: ; font-variant-ligatures: ; font-variant-caps: ; font-weight: ; letter-spacing: var(--the7-base-letter-spacing); text-decoration-line: ; text-transform: var(--the7-base-text-transform); word-spacing: normal; background-color: rgba(255, 255, 255, 0);\">.<\/span><br><\/p>\n<p><span style=\"background-color: rgba(255, 255, 255, 0); color: var(--the7-base-color); letter-spacing: var(--the7-base-letter-spacing); text-transform: var(--the7-base-text-transform); word-spacing: normal;\">UNIDAD 3: <\/span><strong style=\"background-color: rgba(255, 255, 255, 0); color: var(--the7-base-color); font-family: ; font-size: ; font-style: ; font-variant-ligatures: ; font-variant-caps: ; letter-spacing: var(--the7-base-letter-spacing); text-decoration-line: ; text-transform: var(--the7-base-text-transform); word-spacing: normal;\"><u>El Factor Humano<\/u><\/strong><br><\/p>\n<p><span style=\"background-color: rgba(255, 255, 255, 0); color: var(--the7-base-color); letter-spacing: var(--the7-base-letter-spacing); text-transform: var(--the7-base-text-transform); word-spacing: normal;\">UNIDAD 4: <\/span><strong style=\"background-color: rgba(255, 255, 255, 0); color: var(--the7-base-color); font-family: ; font-size: ; font-style: ; font-variant-ligatures: ; font-variant-caps: ; letter-spacing: var(--the7-base-letter-spacing); text-decoration-line: ; text-transform: var(--the7-base-text-transform); word-spacing: normal;\"><u>La \u201cventa\u201d de un proyecto<\/u><\/strong><span style=\"background-color: rgba(255, 255, 255, 0); color: var(--the7-base-color); letter-spacing: var(--the7-base-letter-spacing); text-transform: var(--the7-base-text-transform); word-spacing: normal;\">.<\/span><br><\/p>\n<p><span style=\"color: var(--the7-base-color); font-family: ; font-size: ; font-style: ; font-variant-ligatures: ; font-variant-caps: ; font-weight: ; letter-spacing: var(--the7-base-letter-spacing); text-decoration-line: ; text-transform: var(--the7-base-text-transform); word-spacing: normal; background-color: rgba(255, 255, 255, 0);\">UNIDAD 5: <\/span><strong style=\"color: var(--the7-base-color); font-family: ; font-size: ; font-style: ; font-variant-ligatures: ; font-variant-caps: ; letter-spacing: var(--the7-base-letter-spacing); text-decoration-line: ; text-transform: var(--the7-base-text-transform); word-spacing: normal; background-color: rgba(255, 255, 255, 0);\"><u>La Conducci\u00f3n de Proyectos<\/u><\/strong><span style=\"color: var(--the7-base-color); font-family: ; font-size: ; font-style: ; font-variant-ligatures: ; font-variant-caps: ; font-weight: ; letter-spacing: var(--the7-base-letter-spacing); text-decoration-line: ; text-transform: var(--the7-base-text-transform); word-spacing: normal; background-color: rgba(255, 255, 255, 0);\">.<\/span><br><\/p>\n<p><br><\/p>\n<h4>T\u00e9cnicas de Ense\u00f1anza<\/h4>\n<p>La metodolog\u00eda de trabajo incluye:<\/p>\n<ol type=\"a\">\n<li>T\u00e9cnicas l\u00fadica con juegos grupales de simulaci\u00f3n y juegos de mesa que permitan al participante la vivencia de los diversos contenidos<\/li>\n<li>Reflexi\u00f3n individual y grupal<\/li>\n<li>Marco te\u00f3rico a cargo del docente<\/li>\n<li>Transferencia a la tarea cotidiana<\/li>\n<\/ol>\n<p>Se incluir\u00e1n situaciones problema y an\u00e1lisis de casos a trav\u00e9s de gu\u00edas de estudio y elaboraci\u00f3n que permitan sistematizar los contenidos desarrollados.<\/p>\n<h4><u><\/u>Evaluaci\u00f3n<\/h4>\n<p>El participante deber\u00e1 elegir entre dos alternativas:<\/p>\n<ol type=\"a\">\n<li>Elaborar un proyecto<\/li>\n<li>Analizar un proyecto<\/li>\n<\/ol>\n<p>Coloquio centrado en el an\u00e1lisis de situaciones y transferencia de contenidos te\u00f3ricos.<\/p>\n<h4>Modalidad de la Cursada<\/h4>\n<ol start=\"1\" type=\"a\">\n<li>Virtual. Quincenal. DURACI\u00d3N ANUAL.<\/li>\n<\/ol>\n<h4>Calendario<\/h4>\n<p>Las clases inician a principio&nbsp;de Abril y culminan a finales&nbsp;de Noviembre. Los Coloquios se desarrollan en Diciembre.<\/p>\n<h4>Certificado<\/h4>\n<p>Al finalizar el Curso y aprobar el Coloquio se entregar\u00e1 una constancia de car\u00e1cter institucional.<\/p>\n<p><\/p>\n<p><\/p>\t\t\t\t\t\t\t\t<\/div>\n\t\t\t\t<\/div>\n\t\t\t\t\t<\/div>\n\t\t<\/div>\n\t\t\t\t\t<\/div>\n\t\t<\/section>\n\t\t\t\t<\/div>\n\t\t","protected":false},"excerpt":{"rendered":"<p>Curso Anual destinado a quienes desean transformar las buenas ideas e intenciones en concreciones tangibles.&nbsp;Brinda todos los procedimientos necesarios para elaborar, ejecutar, sostener y evaluar proyectos individuales y organizacionales gestionando las variables que intervienen para lograr el &nbsp;\u00e9xito- fracaso de los mismos.&nbsp;El abordaje de cada contenido se realiza a trav\u00e9s de t\u00e9cnicas no convencionales y&hellip;<\/p>\n","protected":false},"author":1,"featured_media":0,"parent":3080,"menu_order":0,"comment_status":"closed","ping_status":"closed","template":"","meta":{"_joinchat":[],"footnotes":""},"class_list":["post-3083","page","type-page","status-publish","hentry"],"_links":{"self":[{"href":"https:\/\/estudioinesmoreno.com.ar\/estudio\/wp-json\/wp\/v2\/pages\/3083","targetHints":{"allow":["GET"]}}],"collection":[{"href":"https:\/\/estudioinesmoreno.com.ar\/estudio\/wp-json\/wp\/v2\/pages"}],"about":[{"href":"https:\/\/estudioinesmoreno.com.ar\/estudio\/wp-json\/wp\/v2\/types\/page"}],"author":[{"embeddable":true,"href":"https:\/\/estudioinesmoreno.com.ar\/estudio\/wp-json\/wp\/v2\/users\/1"}],"replies":[{"embeddable":true,"href":"https:\/\/estudioinesmoreno.com.ar\/estudio\/wp-json\/wp\/v2\/comments?post=3083"}],"version-history":[{"count":6,"href":"https:\/\/estudioinesmoreno.com.ar\/estudio\/wp-json\/wp\/v2\/pages\/3083\/revisions"}],"predecessor-version":[{"id":13015,"href":"https:\/\/estudioinesmoreno.com.ar\/estudio\/wp-json\/wp\/v2\/pages\/3083\/revisions\/13015"}],"up":[{"embeddable":true,"href":"https:\/\/estudioinesmoreno.com.ar\/estudio\/wp-json\/wp\/v2\/pages\/3080"}],"wp:attachment":[{"href":"https:\/\/estudioinesmoreno.com.ar\/estudio\/wp-json\/wp\/v2\/media?parent=3083"}],"curies":[{"name":"wp","href":"https:\/\/api.w.org\/{rel}","templated":true}]}}